{"id":1387,"date":"2018-03-02T15:49:43","date_gmt":"2018-03-02T14:49:43","guid":{"rendered":"http:\/\/colophon-grignan.fr\/?page_id=1387"},"modified":"2019-03-15T15:18:53","modified_gmt":"2019-03-15T14:18:53","slug":"iie-titre-2012","status":"publish","type":"page","link":"https:\/\/colophon-grignan.fr\/index.php\/iie-titre-2012\/","title":{"rendered":"IIe titre 2012"},"content":{"rendered":"<p style=\"line-height: 0.18cm; font-weight: normal; margin-bottom: 0cm;\" align=\"LEFT\"><span style=\"color: #000000;\"><span style=\"font-family: Arial, sans-serif;\"><span style=\"font-size: medium;\"><span style=\"background: none;\">Le comit\u00e9 de lecture a lu&nbsp;19 livres<\/span><\/span><\/span><\/span><\/p>\n<p style=\"line-height: 0.18cm; font-weight: normal; margin-bottom: 0cm;\" align=\"LEFT\"><span style=\"color: #000000;\"><span style=\"font-family: Arial, sans-serif;\"><span style=\"font-size: medium;\"><span style=\"background: none;\">Rencontres samedi 12 et dimanche 13 mai 2012<\/span><\/span><\/span><\/span><\/p>\n<p style=\"line-height: 0.18cm; font-weight: normal; margin-bottom: 0cm;\" align=\"LEFT\"><span style=\"color: #000000;\"><span style=\"font-family: Arial, sans-serif;\"><span style=\"font-size: medium;\"><span style=\"background: none;\">Lectures, table ronde, caf\u00e9s litt\u00e9raires et remise du prix<\/span><\/span><\/span><\/span><\/p>\n<p style=\"line-height: 0.18cm; font-weight: normal; margin-bottom: 0cm;\" align=\"LEFT\"><span style=\"color: #000000;\"><span style=\"font-family: Arial, sans-serif;\"><span style=\"font-size: medium;\"><span style=\"background: none;\">Ecrivains invit\u00e9s<\/span><\/span><\/span><\/span><\/p>\n<p style=\"line-height: 0.18cm; margin-bottom: 0cm;\" align=\"LEFT\"><span style=\"color: #000000;\"><span style=\"font-family: Arial, sans-serif;\"><span style=\"font-size: medium;\"><span style=\"font-weight: normal;\"><span style=\"background: none;\"><strong>Tatiana Arfel<\/strong>&nbsp;<em>Des clous<\/em><em>&nbsp;<\/em><\/span><\/span><\/span><\/span><\/span><span style=\"color: #000000;\"><span style=\"font-family: Arial, sans-serif;\"><span style=\"font-size: medium;\"><i><span style=\"font-weight: normal;\"><span style=\"background: none;\">&nbsp;<\/span><\/span><\/i><\/span><\/span><\/span><span style=\"color: #000000;\"><span style=\"font-family: Arial, sans-serif;\"><span style=\"font-size: medium;\"><span style=\"font-style: normal;\"><span style=\"font-weight: normal;\"><span style=\"background: none;\">Ed. Corti<\/span><\/span><\/span><\/span><\/span><\/span><\/p>\n<p style=\"line-height: 0.18cm; margin-bottom: 0cm;\" align=\"LEFT\"><span style=\"color: #000000;\"><span style=\"font-family: Arial, sans-serif;\"><span style=\"font-size: medium;\"><span style=\"font-style: normal;\"><span style=\"font-weight: normal;\"><span style=\"background: none;\"><strong>Carole Martinez<\/strong>&nbsp;<em>Du domaine des murmures<\/em><\/span><\/span><\/span><\/span><\/span><\/span><span style=\"color: #000000;\"><span style=\"font-family: Arial, sans-serif;\"><span style=\"font-size: medium;\"><i><span style=\"font-weight: normal;\"><span style=\"background: none;\">&nbsp;<\/span><\/span><\/i><\/span><\/span><\/span><span style=\"color: #000000;\"><span style=\"font-family: Arial, sans-serif;\"><span style=\"font-size: medium;\"><span style=\"font-style: normal;\"><span style=\"font-weight: normal;\"><span style=\"background: none;\">Ed. Gallimard<\/span><\/span><\/span><\/span><\/span><\/span><\/p>\n<p style=\"line-height: 0.18cm; margin-bottom: 0cm;\" align=\"LEFT\"><span style=\"color: #000000;\"><span style=\"font-family: Arial, sans-serif;\"><span style=\"font-size: medium;\"><span style=\"font-style: normal;\"><span style=\"font-weight: normal;\"><span style=\"background: none;\"><strong>Isabelle Kaufmann<\/strong>&nbsp;<em>Grand huit <\/em><\/span><\/span><\/span><\/span><\/span><\/span><i>&nbsp;<\/i><span style=\"color: #000000;\"><span style=\"font-family: Arial, sans-serif;\"><span style=\"font-size: medium;\"><span style=\"font-style: normal;\"><span style=\"font-weight: normal;\"><span style=\"background: none;\">Ed. Le passage<\/span><\/span><\/span><\/span><\/span><\/span><\/p>\n<p style=\"line-height: 0.18cm; margin-bottom: 0cm;\" align=\"LEFT\"><span style=\"color: #000000;\"><span style=\"font-family: Arial, sans-serif;\"><span style=\"font-size: medium;\"><span style=\"font-weight: normal;\"><span style=\"background: none;\"><strong>Laurent Cachard <\/strong><em>La partie de cache-cache <\/em><\/span><\/span><\/span><\/span><\/span><span style=\"color: #000000;\"><span style=\"font-family: Arial, sans-serif;\"><span style=\"font-size: medium;\"><span style=\"font-weight: normal;\"><span style=\"background: none;\"><em>&nbsp;<\/em><\/span><\/span><\/span><\/span><\/span><span style=\"color: #000000;\"><span style=\"font-family: Arial, sans-serif;\"><span style=\"font-size: medium;\"><span style=\"font-style: normal;\"><span style=\"font-weight: normal;\"><span style=\"background: none;\">Ed. Passion &amp; Raisons<\/span><\/span><\/span><\/span><\/span><\/span><\/p>\n<p style=\"line-height: 0.18cm; font-style: normal; font-weight: normal; margin-bottom: 0cm;\" align=\"LEFT\"><span style=\"color: #000000;\"><span style=\"font-family: Arial, sans-serif;\"><span style=\"font-size: medium;\"><span style=\"background: none;\">Pr\u00e9sidente du jury <strong>Laurence Tardieu<\/strong><\/span><\/span><\/span><\/span><\/p>\n<p><strong><br \/>\n<\/strong><strong><\/strong><\/p>\n<p style=\"line-height: 0.18cm; font-style: normal; font-weight: normal; margin-bottom: 0cm;\" align=\"LEFT\"><span style=\"color: #000000;\"><span style=\"font-family: Arial, sans-serif;\"><span style=\"font-size: medium;\"><span style=\"background: none;\">D\u00e9lib\u00e9ration le samedi&nbsp;24 mars<\/span><\/span><\/span><\/span><\/p>\n<p><img loading=\"lazy\" decoding=\"async\" class=\"alignnone size-thumbnail wp-image-1666\" src=\"https:\/\/colophon-grignan.fr\/wp-content\/uploads\/2018\/10\/DSCN2511-150x150.jpg\" alt=\"\" width=\"150\" height=\"150\" srcset=\"https:\/\/colophon-grignan.fr\/wp-content\/uploads\/2018\/10\/DSCN2511-150x150.jpg 150w, https:\/\/colophon-grignan.fr\/wp-content\/uploads\/2018\/10\/DSCN2511-230x230.jpg 230w, https:\/\/colophon-grignan.fr\/wp-content\/uploads\/2018\/10\/DSCN2511-160x160.jpg 160w, https:\/\/colophon-grignan.fr\/wp-content\/uploads\/2018\/10\/DSCN2511-300x300.jpg 300w, https:\/\/colophon-grignan.fr\/wp-content\/uploads\/2018\/10\/DSCN2511-140x140.jpg 140w\" sizes=\"auto, (max-width: 150px) 100vw, 150px\" \/><br \/>\n<span style=\"color: #000000;\"><span style=\"font-family: Arial, sans-serif;\"><span style=\"font-size: medium;\"><span style=\"font-style: normal;\"><span style=\"font-weight: normal;\"><span style=\"background: none;\">Prix <\/span><\/span><\/span><\/span><\/span><\/span><span style=\"color: #000000;\"><span style=\"font-family: Arial, sans-serif;\"><span style=\"font-size: medium;\"><i><span style=\"font-weight: normal;\"><span style=\"background: none;\">Rencontres du IIe titre 2012<\/span><\/span><\/i><\/span><\/span><\/span>&nbsp; <strong>La partie de cache-cache<\/strong><\/p>\n","protected":false},"excerpt":{"rendered":"<p>Le comit\u00e9 de lecture a lu&nbsp;19 livres Rencontres samedi 12 et dimanche 13 mai 2012 Lectures, table ronde, caf\u00e9s litt\u00e9raires et remise du prix Ecrivains invit\u00e9s Tatiana Arfel&nbsp;Des clous&nbsp;&nbsp;Ed. Corti Carole Martinez&nbsp;Du domaine des murmures&nbsp;Ed. Gallimard Isabelle Kaufmann&nbsp;Grand huit &nbsp;Ed. Le passage Laurent Cachard La partie de cache-cache &nbsp;Ed. Passion [&hellip;]<\/p>\n","protected":false},"author":6,"featured_media":0,"parent":0,"menu_order":0,"comment_status":"closed","ping_status":"closed","template":"","meta":{"footnotes":""},"class_list":["post-1387","page","type-page","status-publish","hentry"],"yoast_head":"<!-- This site is optimized with the Yoast SEO plugin v27.4 - https:\/\/yoast.com\/product\/yoast-seo-wordpress\/ -->\n<title>IIe titre 2012 - Colophon, Maison de l&#039;Imprimeur<\/title>\n<meta name=\"robots\" content=\"index, follow, max-snippet:-1, max-image-preview:large, max-video-preview:-1\" \/>\n<link rel=\"canonical\" href=\"https:\/\/colophon-grignan.fr\/index.php\/iie-titre-2012\/\" \/>\n<meta property=\"og:locale\" content=\"fr_FR\" \/>\n<meta property=\"og:type\" content=\"article\" \/>\n<meta property=\"og:title\" content=\"IIe titre 2012 - Colophon, Maison de l&#039;Imprimeur\" \/>\n<meta property=\"og:description\" content=\"Le comit\u00e9 de lecture a lu&nbsp;19 livres Rencontres samedi 12 et dimanche 13 mai 2012 Lectures, table ronde, caf\u00e9s litt\u00e9raires et remise du prix Ecrivains invit\u00e9s Tatiana Arfel&nbsp;Des clous&nbsp;&nbsp;Ed. Corti Carole Martinez&nbsp;Du domaine des murmures&nbsp;Ed. Gallimard Isabelle Kaufmann&nbsp;Grand huit &nbsp;Ed. Le passage Laurent Cachard La partie de cache-cache &nbsp;Ed. Passion [&hellip;]\" \/>\n<meta property=\"og:url\" content=\"https:\/\/colophon-grignan.fr\/index.php\/iie-titre-2012\/\" \/>\n<meta property=\"og:site_name\" content=\"Colophon, Maison de l&#039;Imprimeur\" \/>\n<meta property=\"article:publisher\" content=\"https:\/\/www.facebook.com\/colophongrignan\" \/>\n<meta property=\"article:modified_time\" content=\"2019-03-15T14:18:53+00:00\" \/>\n<meta property=\"og:image\" content=\"https:\/\/colophon-grignan.fr\/wp-content\/uploads\/2018\/10\/DSCN2511-150x150.jpg\" \/>\n<meta name=\"twitter:card\" content=\"summary_large_image\" \/>\n<script type=\"application\/ld+json\" class=\"yoast-schema-graph\">{\"@context\":\"https:\\\/\\\/schema.org\",\"@graph\":[{\"@type\":\"WebPage\",\"@id\":\"https:\\\/\\\/colophon-grignan.fr\\\/index.php\\\/iie-titre-2012\\\/\",\"url\":\"https:\\\/\\\/colophon-grignan.fr\\\/index.php\\\/iie-titre-2012\\\/\",\"name\":\"IIe titre 2012 - Colophon, Maison de l&#039;Imprimeur\",\"isPartOf\":{\"@id\":\"https:\\\/\\\/colophon-grignan.fr\\\/#website\"},\"primaryImageOfPage\":{\"@id\":\"https:\\\/\\\/colophon-grignan.fr\\\/index.php\\\/iie-titre-2012\\\/#primaryimage\"},\"image\":{\"@id\":\"https:\\\/\\\/colophon-grignan.fr\\\/index.php\\\/iie-titre-2012\\\/#primaryimage\"},\"thumbnailUrl\":\"https:\\\/\\\/colophon-grignan.fr\\\/wp-content\\\/uploads\\\/2018\\\/10\\\/DSCN2511-150x150.jpg\",\"datePublished\":\"2018-03-02T14:49:43+00:00\",\"dateModified\":\"2019-03-15T14:18:53+00:00\",\"breadcrumb\":{\"@id\":\"https:\\\/\\\/colophon-grignan.fr\\\/index.php\\\/iie-titre-2012\\\/#breadcrumb\"},\"inLanguage\":\"fr-FR\",\"potentialAction\":[{\"@type\":\"ReadAction\",\"target\":[\"https:\\\/\\\/colophon-grignan.fr\\\/index.php\\\/iie-titre-2012\\\/\"]}]},{\"@type\":\"ImageObject\",\"inLanguage\":\"fr-FR\",\"@id\":\"https:\\\/\\\/colophon-grignan.fr\\\/index.php\\\/iie-titre-2012\\\/#primaryimage\",\"url\":\"https:\\\/\\\/colophon-grignan.fr\\\/wp-content\\\/uploads\\\/2018\\\/10\\\/DSCN2511.jpg\",\"contentUrl\":\"https:\\\/\\\/colophon-grignan.fr\\\/wp-content\\\/uploads\\\/2018\\\/10\\\/DSCN2511.jpg\",\"width\":769,\"height\":1024},{\"@type\":\"BreadcrumbList\",\"@id\":\"https:\\\/\\\/colophon-grignan.fr\\\/index.php\\\/iie-titre-2012\\\/#breadcrumb\",\"itemListElement\":[{\"@type\":\"ListItem\",\"position\":1,\"name\":\"Accueil\",\"item\":\"https:\\\/\\\/colophon-grignan.fr\\\/\"},{\"@type\":\"ListItem\",\"position\":2,\"name\":\"IIe titre 2012\"}]},{\"@type\":\"WebSite\",\"@id\":\"https:\\\/\\\/colophon-grignan.fr\\\/#website\",\"url\":\"https:\\\/\\\/colophon-grignan.fr\\\/\",\"name\":\"Colophon - Maison de l&#039;Imprimeur\",\"description\":\"Atelier-Mus\u00e9e &amp; Librairie\",\"publisher\":{\"@id\":\"https:\\\/\\\/colophon-grignan.fr\\\/#organization\"},\"potentialAction\":[{\"@type\":\"SearchAction\",\"target\":{\"@type\":\"EntryPoint\",\"urlTemplate\":\"https:\\\/\\\/colophon-grignan.fr\\\/?s={search_term_string}\"},\"query-input\":{\"@type\":\"PropertyValueSpecification\",\"valueRequired\":true,\"valueName\":\"search_term_string\"}}],\"inLanguage\":\"fr-FR\"},{\"@type\":\"Organization\",\"@id\":\"https:\\\/\\\/colophon-grignan.fr\\\/#organization\",\"name\":\"Colophon - Maison de l'Imprimeur\",\"url\":\"https:\\\/\\\/colophon-grignan.fr\\\/\",\"logo\":{\"@type\":\"ImageObject\",\"inLanguage\":\"fr-FR\",\"@id\":\"https:\\\/\\\/colophon-grignan.fr\\\/#\\\/schema\\\/logo\\\/image\\\/\",\"url\":\"https:\\\/\\\/i0.wp.com\\\/colophon-grignan.fr\\\/wp-content\\\/uploads\\\/2016\\\/12\\\/GRAND-CHAT.gif?fit=474%2C618&ssl=1\",\"contentUrl\":\"https:\\\/\\\/i0.wp.com\\\/colophon-grignan.fr\\\/wp-content\\\/uploads\\\/2016\\\/12\\\/GRAND-CHAT.gif?fit=474%2C618&ssl=1\",\"width\":474,\"height\":618,\"caption\":\"Colophon - Maison de l'Imprimeur\"},\"image\":{\"@id\":\"https:\\\/\\\/colophon-grignan.fr\\\/#\\\/schema\\\/logo\\\/image\\\/\"},\"sameAs\":[\"https:\\\/\\\/www.facebook.com\\\/colophongrignan\",\"https:\\\/\\\/www.pinterest.fr\\\/colophongrignan\\\/\",\"https:\\\/\\\/www.instagram.com\\\/colophon_grignan\\\/\"]}]}<\/script>\n<!-- \/ Yoast SEO plugin. -->","yoast_head_json":{"title":"IIe titre 2012 - Colophon, Maison de l&#039;Imprimeur","robots":{"index":"index","follow":"follow","max-snippet":"max-snippet:-1","max-image-preview":"max-image-preview:large","max-video-preview":"max-video-preview:-1"},"canonical":"https:\/\/colophon-grignan.fr\/index.php\/iie-titre-2012\/","og_locale":"fr_FR","og_type":"article","og_title":"IIe titre 2012 - Colophon, Maison de l&#039;Imprimeur","og_description":"Le comit\u00e9 de lecture a lu&nbsp;19 livres Rencontres samedi 12 et dimanche 13 mai 2012 Lectures, table ronde, caf\u00e9s litt\u00e9raires et remise du prix Ecrivains invit\u00e9s Tatiana Arfel&nbsp;Des clous&nbsp;&nbsp;Ed. Corti Carole Martinez&nbsp;Du domaine des murmures&nbsp;Ed. Gallimard Isabelle Kaufmann&nbsp;Grand huit &nbsp;Ed. Le passage Laurent Cachard La partie de cache-cache &nbsp;Ed. Passion [&hellip;]","og_url":"https:\/\/colophon-grignan.fr\/index.php\/iie-titre-2012\/","og_site_name":"Colophon, Maison de l&#039;Imprimeur","article_publisher":"https:\/\/www.facebook.com\/colophongrignan","article_modified_time":"2019-03-15T14:18:53+00:00","og_image":[{"url":"https:\/\/colophon-grignan.fr\/wp-content\/uploads\/2018\/10\/DSCN2511-150x150.jpg","type":"","width":"","height":""}],"twitter_card":"summary_large_image","schema":{"@context":"https:\/\/schema.org","@graph":[{"@type":"WebPage","@id":"https:\/\/colophon-grignan.fr\/index.php\/iie-titre-2012\/","url":"https:\/\/colophon-grignan.fr\/index.php\/iie-titre-2012\/","name":"IIe titre 2012 - Colophon, Maison de l&#039;Imprimeur","isPartOf":{"@id":"https:\/\/colophon-grignan.fr\/#website"},"primaryImageOfPage":{"@id":"https:\/\/colophon-grignan.fr\/index.php\/iie-titre-2012\/#primaryimage"},"image":{"@id":"https:\/\/colophon-grignan.fr\/index.php\/iie-titre-2012\/#primaryimage"},"thumbnailUrl":"https:\/\/colophon-grignan.fr\/wp-content\/uploads\/2018\/10\/DSCN2511-150x150.jpg","datePublished":"2018-03-02T14:49:43+00:00","dateModified":"2019-03-15T14:18:53+00:00","breadcrumb":{"@id":"https:\/\/colophon-grignan.fr\/index.php\/iie-titre-2012\/#breadcrumb"},"inLanguage":"fr-FR","potentialAction":[{"@type":"ReadAction","target":["https:\/\/colophon-grignan.fr\/index.php\/iie-titre-2012\/"]}]},{"@type":"ImageObject","inLanguage":"fr-FR","@id":"https:\/\/colophon-grignan.fr\/index.php\/iie-titre-2012\/#primaryimage","url":"https:\/\/colophon-grignan.fr\/wp-content\/uploads\/2018\/10\/DSCN2511.jpg","contentUrl":"https:\/\/colophon-grignan.fr\/wp-content\/uploads\/2018\/10\/DSCN2511.jpg","width":769,"height":1024},{"@type":"BreadcrumbList","@id":"https:\/\/colophon-grignan.fr\/index.php\/iie-titre-2012\/#breadcrumb","itemListElement":[{"@type":"ListItem","position":1,"name":"Accueil","item":"https:\/\/colophon-grignan.fr\/"},{"@type":"ListItem","position":2,"name":"IIe titre 2012"}]},{"@type":"WebSite","@id":"https:\/\/colophon-grignan.fr\/#website","url":"https:\/\/colophon-grignan.fr\/","name":"Colophon - Maison de l&#039;Imprimeur","description":"Atelier-Mus\u00e9e &amp; Librairie","publisher":{"@id":"https:\/\/colophon-grignan.fr\/#organization"},"potentialAction":[{"@type":"SearchAction","target":{"@type":"EntryPoint","urlTemplate":"https:\/\/colophon-grignan.fr\/?s={search_term_string}"},"query-input":{"@type":"PropertyValueSpecification","valueRequired":true,"valueName":"search_term_string"}}],"inLanguage":"fr-FR"},{"@type":"Organization","@id":"https:\/\/colophon-grignan.fr\/#organization","name":"Colophon - Maison de l'Imprimeur","url":"https:\/\/colophon-grignan.fr\/","logo":{"@type":"ImageObject","inLanguage":"fr-FR","@id":"https:\/\/colophon-grignan.fr\/#\/schema\/logo\/image\/","url":"https:\/\/i0.wp.com\/colophon-grignan.fr\/wp-content\/uploads\/2016\/12\/GRAND-CHAT.gif?fit=474%2C618&ssl=1","contentUrl":"https:\/\/i0.wp.com\/colophon-grignan.fr\/wp-content\/uploads\/2016\/12\/GRAND-CHAT.gif?fit=474%2C618&ssl=1","width":474,"height":618,"caption":"Colophon - Maison de l'Imprimeur"},"image":{"@id":"https:\/\/colophon-grignan.fr\/#\/schema\/logo\/image\/"},"sameAs":["https:\/\/www.facebook.com\/colophongrignan","https:\/\/www.pinterest.fr\/colophongrignan\/","https:\/\/www.instagram.com\/colophon_grignan\/"]}]}},"_links":{"self":[{"href":"https:\/\/colophon-grignan.fr\/index.php\/wp-json\/wp\/v2\/pages\/1387","targetHints":{"allow":["GET"]}}],"collection":[{"href":"https:\/\/colophon-grignan.fr\/index.php\/wp-json\/wp\/v2\/pages"}],"about":[{"href":"https:\/\/colophon-grignan.fr\/index.php\/wp-json\/wp\/v2\/types\/page"}],"author":[{"embeddable":true,"href":"https:\/\/colophon-grignan.fr\/index.php\/wp-json\/wp\/v2\/users\/6"}],"replies":[{"embeddable":true,"href":"https:\/\/colophon-grignan.fr\/index.php\/wp-json\/wp\/v2\/comments?post=1387"}],"version-history":[{"count":0,"href":"https:\/\/colophon-grignan.fr\/index.php\/wp-json\/wp\/v2\/pages\/1387\/revisions"}],"wp:attachment":[{"href":"https:\/\/colophon-grignan.fr\/index.php\/wp-json\/wp\/v2\/media?parent=1387"}],"curies":[{"name":"wp","href":"https:\/\/api.w.org\/{rel}","templated":true}]}}