{"id":1418,"date":"2018-03-08T15:29:12","date_gmt":"2018-03-08T14:29:12","guid":{"rendered":"http:\/\/colophon-grignan.fr\/?page_id=1418"},"modified":"2019-03-15T14:57:24","modified_gmt":"2019-03-15T13:57:24","slug":"archives-2018","status":"publish","type":"page","link":"https:\/\/colophon-grignan.fr\/index.php\/archives-2018\/","title":{"rendered":"Archives 2018"},"content":{"rendered":"<p><strong>2018<\/strong><\/p>\n<p><img loading=\"lazy\" decoding=\"async\" class=\"alignnone size-thumbnail wp-image-1585\" src=\"https:\/\/colophon-grignan.fr\/wp-content\/uploads\/2018\/10\/Couv-150x150.jpg\" alt=\"\" width=\"150\" height=\"150\" srcset=\"https:\/\/colophon-grignan.fr\/wp-content\/uploads\/2018\/10\/Couv-150x150.jpg 150w, https:\/\/colophon-grignan.fr\/wp-content\/uploads\/2018\/10\/Couv-230x230.jpg 230w, https:\/\/colophon-grignan.fr\/wp-content\/uploads\/2018\/10\/Couv-160x160.jpg 160w, https:\/\/colophon-grignan.fr\/wp-content\/uploads\/2018\/10\/Couv-300x300.jpg 300w, https:\/\/colophon-grignan.fr\/wp-content\/uploads\/2018\/10\/Couv-140x140.jpg 140w\" sizes=\"auto, (max-width: 150px) 100vw, 150px\" \/><img loading=\"lazy\" decoding=\"async\" class=\"alignnone size-thumbnail wp-image-1590\" src=\"https:\/\/colophon-grignan.fr\/wp-content\/uploads\/2018\/10\/AVT_Herve-Le-Tellier_1987-150x150.jpg\" alt=\"\" width=\"150\" height=\"150\" srcset=\"https:\/\/colophon-grignan.fr\/wp-content\/uploads\/2018\/10\/AVT_Herve-Le-Tellier_1987-150x150.jpg 150w, https:\/\/colophon-grignan.fr\/wp-content\/uploads\/2018\/10\/AVT_Herve-Le-Tellier_1987-230x230.jpg 230w, https:\/\/colophon-grignan.fr\/wp-content\/uploads\/2018\/10\/AVT_Herve-Le-Tellier_1987-160x160.jpg 160w, https:\/\/colophon-grignan.fr\/wp-content\/uploads\/2018\/10\/AVT_Herve-Le-Tellier_1987-300x300.jpg 300w, https:\/\/colophon-grignan.fr\/wp-content\/uploads\/2018\/10\/AVT_Herve-Le-Tellier_1987-140x140.jpg 140w\" sizes=\"auto, (max-width: 150px) 100vw, 150px\" \/><\/p>\n<p><strong>CAFE LITTERAIRE SAMEDI&nbsp;17 FEVRIER&nbsp;\u00e0 18h30<br \/>\n<\/strong>en pr\u00e9sence de <strong>HERVE LE TELLIER&nbsp;<\/strong><em>Toutes les familles heureuses\u00a0\u00bb Editions J.C. Latt\u00e8s<br \/>\nanim\u00e9 par Jean-Claude Coulmier<\/em><\/p>\n<p><img loading=\"lazy\" decoding=\"async\" class=\"alignnone size-thumbnail wp-image-1587\" src=\"https:\/\/colophon-grignan.fr\/wp-content\/uploads\/2018\/10\/Demain-c-est-le-beau-monde-150x150.jpg\" alt=\"\" width=\"150\" height=\"150\" srcset=\"https:\/\/colophon-grignan.fr\/wp-content\/uploads\/2018\/10\/Demain-c-est-le-beau-monde-150x150.jpg 150w, https:\/\/colophon-grignan.fr\/wp-content\/uploads\/2018\/10\/Demain-c-est-le-beau-monde-230x230.jpg 230w, https:\/\/colophon-grignan.fr\/wp-content\/uploads\/2018\/10\/Demain-c-est-le-beau-monde-160x160.jpg 160w, https:\/\/colophon-grignan.fr\/wp-content\/uploads\/2018\/10\/Demain-c-est-le-beau-monde-300x300.jpg 300w, https:\/\/colophon-grignan.fr\/wp-content\/uploads\/2018\/10\/Demain-c-est-le-beau-monde-140x140.jpg 140w, https:\/\/colophon-grignan.fr\/wp-content\/uploads\/2018\/10\/Demain-c-est-le-beau-monde.jpg 340w\" sizes=\"auto, (max-width: 150px) 100vw, 150px\" \/><img loading=\"lazy\" decoding=\"async\" class=\"alignnone size-thumbnail wp-image-1591\" src=\"https:\/\/colophon-grignan.fr\/wp-content\/uploads\/2018\/10\/Photo-1-150x150.jpg\" alt=\"\" width=\"150\" height=\"150\" srcset=\"https:\/\/colophon-grignan.fr\/wp-content\/uploads\/2018\/10\/Photo-1-150x150.jpg 150w, https:\/\/colophon-grignan.fr\/wp-content\/uploads\/2018\/10\/Photo-1-230x230.jpg 230w, https:\/\/colophon-grignan.fr\/wp-content\/uploads\/2018\/10\/Photo-1-160x160.jpg 160w, https:\/\/colophon-grignan.fr\/wp-content\/uploads\/2018\/10\/Photo-1-300x300.jpg 300w, https:\/\/colophon-grignan.fr\/wp-content\/uploads\/2018\/10\/Photo-1-140x140.jpg 140w\" sizes=\"auto, (max-width: 150px) 100vw, 150px\" \/><\/p>\n<p><strong>CAFE LITTERAIRE SAMEDI 17 MARS \u00e0 18h30<\/strong><br \/>\nen pr\u00e9sence de<strong> AHMED KALOUAZ <\/strong><em>Demain c&rsquo;est le beau monde<\/em><strong> Editions LE MOT ET LE RESTE<\/strong><br \/>\nanim\u00e9 par<strong> Chantal Bonnemaison<\/strong><\/p>\n<p><img loading=\"lazy\" decoding=\"async\" class=\"alignnone size-thumbnail wp-image-1586\" src=\"https:\/\/colophon-grignan.fr\/wp-content\/uploads\/2018\/10\/Couv-1-150x150.jpg\" alt=\"\" width=\"150\" height=\"150\" srcset=\"https:\/\/colophon-grignan.fr\/wp-content\/uploads\/2018\/10\/Couv-1-150x150.jpg 150w, https:\/\/colophon-grignan.fr\/wp-content\/uploads\/2018\/10\/Couv-1-230x230.jpg 230w, https:\/\/colophon-grignan.fr\/wp-content\/uploads\/2018\/10\/Couv-1-160x160.jpg 160w, https:\/\/colophon-grignan.fr\/wp-content\/uploads\/2018\/10\/Couv-1-300x300.jpg 300w, https:\/\/colophon-grignan.fr\/wp-content\/uploads\/2018\/10\/Couv-1-140x140.jpg 140w\" sizes=\"auto, (max-width: 150px) 100vw, 150px\" \/><\/p>\n<p><strong>CAFE LITTERAIRE SAMEDI 28 AVRIL \u00e0 18h30<br \/>\n<\/strong>en pr\u00e9sence de <strong>SYLVAIN PATTIEU <\/strong><em>Nous avons arpent\u00e9 un chemin caillouteux <\/em><strong>Editions PLEIN JOUR<\/strong><br \/>\nanim\u00e9 par<strong> Denis Bruyant<\/strong><\/p>\n<p><img loading=\"lazy\" decoding=\"async\" class=\"alignnone size-thumbnail wp-image-1577\" src=\"https:\/\/colophon-grignan.fr\/wp-content\/uploads\/2018\/10\/Affiche-150x150.jpg\" alt=\"\" width=\"150\" height=\"150\" srcset=\"https:\/\/colophon-grignan.fr\/wp-content\/uploads\/2018\/10\/Affiche-150x150.jpg 150w, https:\/\/colophon-grignan.fr\/wp-content\/uploads\/2018\/10\/Affiche-230x230.jpg 230w, https:\/\/colophon-grignan.fr\/wp-content\/uploads\/2018\/10\/Affiche-160x160.jpg 160w, https:\/\/colophon-grignan.fr\/wp-content\/uploads\/2018\/10\/Affiche-300x300.jpg 300w, https:\/\/colophon-grignan.fr\/wp-content\/uploads\/2018\/10\/Affiche-140x140.jpg 140w\" sizes=\"auto, (max-width: 150px) 100vw, 150px\" \/><\/p>\n<p><strong>RENCONTRES DU IIe TITRE LE SAMEDI 12 ET DIMANCHE 13 MAI<br \/>\nFESTIVAL DU DEUXIEME ROMAN GRIGNAN<br \/>\n<\/strong>Programmation sur la page Rencontres du IIe titre<\/p>\n<p>&nbsp;<\/p>\n<p><img loading=\"lazy\" decoding=\"async\" class=\"alignnone size-thumbnail wp-image-1588\" src=\"https:\/\/colophon-grignan.fr\/wp-content\/uploads\/2018\/10\/Couverture-150x150.jpg\" alt=\"\" width=\"150\" height=\"150\" srcset=\"https:\/\/colophon-grignan.fr\/wp-content\/uploads\/2018\/10\/Couverture-150x150.jpg 150w, https:\/\/colophon-grignan.fr\/wp-content\/uploads\/2018\/10\/Couverture-230x230.jpg 230w, https:\/\/colophon-grignan.fr\/wp-content\/uploads\/2018\/10\/Couverture-160x160.jpg 160w, https:\/\/colophon-grignan.fr\/wp-content\/uploads\/2018\/10\/Couverture-300x300.jpg 300w, https:\/\/colophon-grignan.fr\/wp-content\/uploads\/2018\/10\/Couverture-140x140.jpg 140w\" sizes=\"auto, (max-width: 150px) 100vw, 150px\" \/><\/p>\n<p><strong>RENCONTRE LITTERAIRE SAMEDI 9 JUIN \u00e0 18h30<br \/>\n<\/strong>en pr\u00e9sence de <strong>ISABELLE STIBBE <strong><strong><strong>Le roman ivre<\/strong><\/strong> <\/strong>Editions Robert Laffont<br \/>\n<strong>anim\u00e9 par Jean-Claude Coulmier<\/strong><\/strong><\/p>\n<p><img loading=\"lazy\" decoding=\"async\" class=\"alignnone size-thumbnail wp-image-1576\" src=\"https:\/\/colophon-grignan.fr\/wp-content\/uploads\/2018\/10\/affichesalonlivreancien-150x150.jpg\" alt=\"\" width=\"150\" height=\"150\" srcset=\"https:\/\/colophon-grignan.fr\/wp-content\/uploads\/2018\/10\/affichesalonlivreancien-150x150.jpg 150w, https:\/\/colophon-grignan.fr\/wp-content\/uploads\/2018\/10\/affichesalonlivreancien-230x230.jpg 230w, https:\/\/colophon-grignan.fr\/wp-content\/uploads\/2018\/10\/affichesalonlivreancien-160x160.jpg 160w, https:\/\/colophon-grignan.fr\/wp-content\/uploads\/2018\/10\/affichesalonlivreancien-300x300.jpg 300w, https:\/\/colophon-grignan.fr\/wp-content\/uploads\/2018\/10\/affichesalonlivreancien-140x140.jpg 140w\" sizes=\"auto, (max-width: 150px) 100vw, 150px\" \/><\/p>\n<p><strong>SALON DU MARQUE-PAGES &amp; DES BOUQUINISTES<br \/>\nDIMANCHE 15 JUILLET<\/strong><\/p>\n<p><img loading=\"lazy\" decoding=\"async\" class=\"alignnone size-thumbnail wp-image-1589\" src=\"https:\/\/colophon-grignan.fr\/wp-content\/uploads\/2018\/10\/Couverture-1-150x150.jpg\" alt=\"\" width=\"150\" height=\"150\" srcset=\"https:\/\/colophon-grignan.fr\/wp-content\/uploads\/2018\/10\/Couverture-1-150x150.jpg 150w, https:\/\/colophon-grignan.fr\/wp-content\/uploads\/2018\/10\/Couverture-1-230x230.jpg 230w, https:\/\/colophon-grignan.fr\/wp-content\/uploads\/2018\/10\/Couverture-1-160x160.jpg 160w, https:\/\/colophon-grignan.fr\/wp-content\/uploads\/2018\/10\/Couverture-1-300x300.jpg 300w, https:\/\/colophon-grignan.fr\/wp-content\/uploads\/2018\/10\/Couverture-1-140x140.jpg 140w\" sizes=\"auto, (max-width: 150px) 100vw, 150px\" \/><\/p>\n<p><strong>RENCONTRE LITTERAIRE DIMANCHE 22 JUILLET \u00e0 18h30<br \/>\n<\/strong>en pr\u00e9sence de <strong>MIREILLE PIRIS <\/strong><em>Boulevard des orangers <\/em>Editions NB<br \/>\nanim\u00e9 par Denis Bruyant<\/p>\n<p><img loading=\"lazy\" decoding=\"async\" class=\"alignnone size-thumbnail wp-image-1578\" src=\"https:\/\/colophon-grignan.fr\/wp-content\/uploads\/2018\/10\/Couverture-2-150x150.jpg\" alt=\"\" width=\"150\" height=\"150\" srcset=\"https:\/\/colophon-grignan.fr\/wp-content\/uploads\/2018\/10\/Couverture-2-150x150.jpg 150w, https:\/\/colophon-grignan.fr\/wp-content\/uploads\/2018\/10\/Couverture-2-230x230.jpg 230w, https:\/\/colophon-grignan.fr\/wp-content\/uploads\/2018\/10\/Couverture-2-160x160.jpg 160w, https:\/\/colophon-grignan.fr\/wp-content\/uploads\/2018\/10\/Couverture-2-300x300.jpg 300w, https:\/\/colophon-grignan.fr\/wp-content\/uploads\/2018\/10\/Couverture-2-140x140.jpg 140w\" sizes=\"auto, (max-width: 150px) 100vw, 150px\" \/><img loading=\"lazy\" decoding=\"async\" class=\"alignnone size-thumbnail wp-image-1574\" src=\"https:\/\/colophon-grignan.fr\/wp-content\/uploads\/2018\/10\/Photo-2-150x150.jpg\" alt=\"\" width=\"150\" height=\"150\" srcset=\"https:\/\/colophon-grignan.fr\/wp-content\/uploads\/2018\/10\/Photo-2-150x150.jpg 150w, https:\/\/colophon-grignan.fr\/wp-content\/uploads\/2018\/10\/Photo-2-230x230.jpg 230w, https:\/\/colophon-grignan.fr\/wp-content\/uploads\/2018\/10\/Photo-2-160x160.jpg 160w, https:\/\/colophon-grignan.fr\/wp-content\/uploads\/2018\/10\/Photo-2-300x300.jpg 300w, https:\/\/colophon-grignan.fr\/wp-content\/uploads\/2018\/10\/Photo-2-140x140.jpg 140w\" sizes=\"auto, (max-width: 150px) 100vw, 150px\" \/><\/p>\n<p><strong>RENCONTRE LITTERAIRE SAMEDI 15 SEPTEMBRE \u00e0 18h30<br \/>\nen pr\u00e9sence de RAPHAELLE RIOL<\/strong><em><br \/>\nTanguy col\u00e8re a disparu Editions Rouergue<br \/>\nanim\u00e9 par Denis Bruyant<\/em><\/p>\n<p><img loading=\"lazy\" decoding=\"async\" class=\"alignnone size-thumbnail wp-image-1580\" src=\"https:\/\/colophon-grignan.fr\/wp-content\/uploads\/2018\/10\/Livre-150x150.jpg\" alt=\"\" width=\"150\" height=\"150\" srcset=\"https:\/\/colophon-grignan.fr\/wp-content\/uploads\/2018\/10\/Livre-150x150.jpg 150w, https:\/\/colophon-grignan.fr\/wp-content\/uploads\/2018\/10\/Livre-230x230.jpg 230w, https:\/\/colophon-grignan.fr\/wp-content\/uploads\/2018\/10\/Livre-160x160.jpg 160w, https:\/\/colophon-grignan.fr\/wp-content\/uploads\/2018\/10\/Livre-300x300.jpg 300w, https:\/\/colophon-grignan.fr\/wp-content\/uploads\/2018\/10\/Livre-140x140.jpg 140w\" sizes=\"auto, (max-width: 150px) 100vw, 150px\" \/><img loading=\"lazy\" decoding=\"async\" class=\"alignnone size-thumbnail wp-image-1581\" src=\"https:\/\/colophon-grignan.fr\/wp-content\/uploads\/2018\/10\/Livre-1-150x150.jpg\" alt=\"\" width=\"150\" height=\"150\" srcset=\"https:\/\/colophon-grignan.fr\/wp-content\/uploads\/2018\/10\/Livre-1-150x150.jpg 150w, https:\/\/colophon-grignan.fr\/wp-content\/uploads\/2018\/10\/Livre-1-230x230.jpg 230w, https:\/\/colophon-grignan.fr\/wp-content\/uploads\/2018\/10\/Livre-1-160x160.jpg 160w, https:\/\/colophon-grignan.fr\/wp-content\/uploads\/2018\/10\/Livre-1-300x300.jpg 300w, https:\/\/colophon-grignan.fr\/wp-content\/uploads\/2018\/10\/Livre-1-140x140.jpg 140w\" sizes=\"auto, (max-width: 150px) 100vw, 150px\" \/><\/p>\n<p><strong>LE PETIT COLOPHON ROUGE SAMEDI 6 OCTOBRE<br \/>\nen pr\u00e9sence de JEAN-MARC FIESS &amp; ISABELLE SIMON<\/strong><\/p>\n<p><img loading=\"lazy\" decoding=\"async\" class=\"alignnone size-thumbnail wp-image-1568\" src=\"https:\/\/colophon-grignan.fr\/wp-content\/uploads\/2018\/10\/Couverture-Eric-F.-150x150.jpg\" alt=\"\" width=\"150\" height=\"150\" srcset=\"https:\/\/colophon-grignan.fr\/wp-content\/uploads\/2018\/10\/Couverture-Eric-F.-150x150.jpg 150w, https:\/\/colophon-grignan.fr\/wp-content\/uploads\/2018\/10\/Couverture-Eric-F.-160x160.jpg 160w, https:\/\/colophon-grignan.fr\/wp-content\/uploads\/2018\/10\/Couverture-Eric-F.-140x140.jpg 140w\" sizes=\"auto, (max-width: 150px) 100vw, 150px\" \/><img loading=\"lazy\" decoding=\"async\" class=\"alignnone size-thumbnail wp-image-1573\" src=\"https:\/\/colophon-grignan.fr\/wp-content\/uploads\/2018\/10\/Photo-150x150.jpg\" alt=\"\" width=\"150\" height=\"150\" srcset=\"https:\/\/colophon-grignan.fr\/wp-content\/uploads\/2018\/10\/Photo-150x150.jpg 150w, https:\/\/colophon-grignan.fr\/wp-content\/uploads\/2018\/10\/Photo-230x230.jpg 230w, https:\/\/colophon-grignan.fr\/wp-content\/uploads\/2018\/10\/Photo-160x160.jpg 160w, https:\/\/colophon-grignan.fr\/wp-content\/uploads\/2018\/10\/Photo-300x300.jpg 300w, https:\/\/colophon-grignan.fr\/wp-content\/uploads\/2018\/10\/Photo-140x140.jpg 140w\" sizes=\"auto, (max-width: 150px) 100vw, 150px\" \/><\/p>\n<p><strong>RENCONTRE LITTERAIRE SAMEDI 20 OCTOBRE \u00e0 18h30<\/strong><br \/>\n<strong>en pr\u00e9sence de ERIC FOTTORINO<\/strong><br \/>\n<em>Dix-sept ans<\/em> Editions Gallimard<br \/>\nanim\u00e9e par Denis Bruyant<\/p>\n<p><img loading=\"lazy\" decoding=\"async\" class=\"alignnone size-thumbnail wp-image-1569\" src=\"https:\/\/colophon-grignan.fr\/wp-content\/uploads\/2018\/10\/Couverture-Julia-150x150.jpg\" alt=\"\" width=\"150\" height=\"150\" srcset=\"https:\/\/colophon-grignan.fr\/wp-content\/uploads\/2018\/10\/Couverture-Julia-150x150.jpg 150w, https:\/\/colophon-grignan.fr\/wp-content\/uploads\/2018\/10\/Couverture-Julia-230x230.jpg 230w, https:\/\/colophon-grignan.fr\/wp-content\/uploads\/2018\/10\/Couverture-Julia-160x160.jpg 160w, https:\/\/colophon-grignan.fr\/wp-content\/uploads\/2018\/10\/Couverture-Julia-300x300.jpg 300w, https:\/\/colophon-grignan.fr\/wp-content\/uploads\/2018\/10\/Couverture-Julia-140x140.jpg 140w\" sizes=\"auto, (max-width: 150px) 100vw, 150px\" \/><img loading=\"lazy\" decoding=\"async\" class=\"alignnone size-thumbnail wp-image-1572\" src=\"https:\/\/colophon-grignan.fr\/wp-content\/uploads\/2018\/10\/Kerninon\u00a9Philippe-Matsas-Opale-2-150x150.jpg\" alt=\"\" width=\"150\" height=\"150\" srcset=\"https:\/\/colophon-grignan.fr\/wp-content\/uploads\/2018\/10\/Kerninon\u00a9Philippe-Matsas-Opale-2-150x150.jpg 150w, https:\/\/colophon-grignan.fr\/wp-content\/uploads\/2018\/10\/Kerninon\u00a9Philippe-Matsas-Opale-2-230x230.jpg 230w, https:\/\/colophon-grignan.fr\/wp-content\/uploads\/2018\/10\/Kerninon\u00a9Philippe-Matsas-Opale-2-160x160.jpg 160w, https:\/\/colophon-grignan.fr\/wp-content\/uploads\/2018\/10\/Kerninon\u00a9Philippe-Matsas-Opale-2-600x600.jpg 600w, https:\/\/colophon-grignan.fr\/wp-content\/uploads\/2018\/10\/Kerninon\u00a9Philippe-Matsas-Opale-2-300x300.jpg 300w, https:\/\/colophon-grignan.fr\/wp-content\/uploads\/2018\/10\/Kerninon\u00a9Philippe-Matsas-Opale-2-768x769.jpg 768w, https:\/\/colophon-grignan.fr\/wp-content\/uploads\/2018\/10\/Kerninon\u00a9Philippe-Matsas-Opale-2.jpg 1024w, https:\/\/colophon-grignan.fr\/wp-content\/uploads\/2018\/10\/Kerninon\u00a9Philippe-Matsas-Opale-2-1260x1262.jpg 1260w, https:\/\/colophon-grignan.fr\/wp-content\/uploads\/2018\/10\/Kerninon\u00a9Philippe-Matsas-Opale-2-140x140.jpg 140w\" sizes=\"auto, (max-width: 150px) 100vw, 150px\" \/><\/p>\n<p><strong>RENCONTRE LITTERAIRE SAMEDI 24 NOVEMBRE \u00e0 18h30<br \/>\n<\/strong>en pr\u00e9sence de<strong> JULIA KERNINON<\/strong><br \/>\n<strong><em>Ma d\u00e9votion<\/em><\/strong> Ed. La brune au rouergue<br \/>\nanim\u00e9ee par Jean-Claude Coulmier<\/p>\n<p><img loading=\"lazy\" decoding=\"async\" class=\"alignnone size-thumbnail wp-image-1579\" src=\"https:\/\/colophon-grignan.fr\/wp-content\/uploads\/2018\/10\/Couverture-3-150x150.jpg\" alt=\"\" width=\"150\" height=\"150\" srcset=\"https:\/\/colophon-grignan.fr\/wp-content\/uploads\/2018\/10\/Couverture-3-150x150.jpg 150w, https:\/\/colophon-grignan.fr\/wp-content\/uploads\/2018\/10\/Couverture-3-230x230.jpg 230w, https:\/\/colophon-grignan.fr\/wp-content\/uploads\/2018\/10\/Couverture-3-160x160.jpg 160w, https:\/\/colophon-grignan.fr\/wp-content\/uploads\/2018\/10\/Couverture-3-300x300.jpg 300w, https:\/\/colophon-grignan.fr\/wp-content\/uploads\/2018\/10\/Couverture-3-140x140.jpg 140w\" sizes=\"auto, (max-width: 150px) 100vw, 150px\" \/>&nbsp;<img loading=\"lazy\" decoding=\"async\" class=\"alignnone size-thumbnail wp-image-1583\" src=\"https:\/\/colophon-grignan.fr\/wp-content\/uploads\/2018\/10\/Photo-Christian-R.-150x150.jpg\" alt=\"\" width=\"150\" height=\"150\" srcset=\"https:\/\/colophon-grignan.fr\/wp-content\/uploads\/2018\/10\/Photo-Christian-R.-150x150.jpg 150w, https:\/\/colophon-grignan.fr\/wp-content\/uploads\/2018\/10\/Photo-Christian-R.-230x230.jpg 230w, https:\/\/colophon-grignan.fr\/wp-content\/uploads\/2018\/10\/Photo-Christian-R.-160x160.jpg 160w, https:\/\/colophon-grignan.fr\/wp-content\/uploads\/2018\/10\/Photo-Christian-R.-300x300.jpg 300w, https:\/\/colophon-grignan.fr\/wp-content\/uploads\/2018\/10\/Photo-Christian-R.-140x140.jpg 140w\" sizes=\"auto, (max-width: 150px) 100vw, 150px\" \/><\/p>\n<p><strong>RENCONTRE LITTERAIRE SAMEDI 8 DECEMBRE \u00e0 18h30<br \/>\n<\/strong>en pr\u00e9sence de<strong> CHRISTIAN ROUX<\/strong><br \/>\n<strong><em>Que la guerre est jolie<\/em><\/strong> Editions Rivages<em><br \/>\n<\/em>anim\u00e9e par Chantal Bonnemaison<\/p>\n","protected":false},"excerpt":{"rendered":"<p>2018 CAFE LITTERAIRE SAMEDI&nbsp;17 FEVRIER&nbsp;\u00e0 18h30 en pr\u00e9sence de HERVE LE TELLIER&nbsp;Toutes les familles heureuses\u00a0\u00bb Editions J.C. Latt\u00e8s anim\u00e9 par Jean-Claude Coulmier CAFE LITTERAIRE SAMEDI 17 MARS \u00e0 18h30 en pr\u00e9sence de AHMED KALOUAZ Demain c&rsquo;est le beau monde Editions LE MOT ET LE RESTE anim\u00e9 par Chantal Bonnemaison CAFE [&hellip;]<\/p>\n","protected":false},"author":6,"featured_media":0,"parent":0,"menu_order":0,"comment_status":"closed","ping_status":"closed","template":"","meta":{"footnotes":""},"class_list":["post-1418","page","type-page","status-publish","hentry"],"yoast_head":"<!-- This site is optimized with the Yoast SEO plugin v27.3 - https:\/\/yoast.com\/product\/yoast-seo-wordpress\/ -->\n<title>Archives 2018 - Colophon, Maison de l&#039;Imprimeur<\/title>\n<meta name=\"robots\" content=\"index, follow, max-snippet:-1, max-image-preview:large, max-video-preview:-1\" \/>\n<link rel=\"canonical\" href=\"https:\/\/colophon-grignan.fr\/index.php\/archives-2018\/\" \/>\n<meta property=\"og:locale\" content=\"fr_FR\" \/>\n<meta property=\"og:type\" content=\"article\" \/>\n<meta property=\"og:title\" content=\"Archives 2018 - Colophon, Maison de l&#039;Imprimeur\" \/>\n<meta property=\"og:description\" content=\"2018 CAFE LITTERAIRE SAMEDI&nbsp;17 FEVRIER&nbsp;\u00e0 18h30 en pr\u00e9sence de HERVE LE TELLIER&nbsp;Toutes les familles heureuses\u00a0\u00bb Editions J.C. Latt\u00e8s anim\u00e9 par Jean-Claude Coulmier CAFE LITTERAIRE SAMEDI 17 MARS \u00e0 18h30 en pr\u00e9sence de AHMED KALOUAZ Demain c&rsquo;est le beau monde Editions LE MOT ET LE RESTE anim\u00e9 par Chantal Bonnemaison CAFE [&hellip;]\" \/>\n<meta property=\"og:url\" content=\"https:\/\/colophon-grignan.fr\/index.php\/archives-2018\/\" \/>\n<meta property=\"og:site_name\" content=\"Colophon, Maison de l&#039;Imprimeur\" \/>\n<meta property=\"article:publisher\" content=\"https:\/\/www.facebook.com\/colophongrignan\" \/>\n<meta property=\"article:modified_time\" content=\"2019-03-15T13:57:24+00:00\" \/>\n<meta property=\"og:image\" content=\"https:\/\/colophon-grignan.fr\/wp-content\/uploads\/2018\/10\/Couv-150x150.jpg\" \/>\n<meta name=\"twitter:card\" content=\"summary_large_image\" \/>\n<meta name=\"twitter:label1\" content=\"Dur\u00e9e de lecture estim\u00e9e\" \/>\n\t<meta name=\"twitter:data1\" content=\"1 minute\" \/>\n<script type=\"application\/ld+json\" class=\"yoast-schema-graph\">{\"@context\":\"https:\\\/\\\/schema.org\",\"@graph\":[{\"@type\":\"WebPage\",\"@id\":\"https:\\\/\\\/colophon-grignan.fr\\\/index.php\\\/archives-2018\\\/\",\"url\":\"https:\\\/\\\/colophon-grignan.fr\\\/index.php\\\/archives-2018\\\/\",\"name\":\"Archives 2018 - Colophon, Maison de l&#039;Imprimeur\",\"isPartOf\":{\"@id\":\"https:\\\/\\\/colophon-grignan.fr\\\/#website\"},\"primaryImageOfPage\":{\"@id\":\"https:\\\/\\\/colophon-grignan.fr\\\/index.php\\\/archives-2018\\\/#primaryimage\"},\"image\":{\"@id\":\"https:\\\/\\\/colophon-grignan.fr\\\/index.php\\\/archives-2018\\\/#primaryimage\"},\"thumbnailUrl\":\"https:\\\/\\\/colophon-grignan.fr\\\/wp-content\\\/uploads\\\/2018\\\/10\\\/Couv-150x150.jpg\",\"datePublished\":\"2018-03-08T14:29:12+00:00\",\"dateModified\":\"2019-03-15T13:57:24+00:00\",\"breadcrumb\":{\"@id\":\"https:\\\/\\\/colophon-grignan.fr\\\/index.php\\\/archives-2018\\\/#breadcrumb\"},\"inLanguage\":\"fr-FR\",\"potentialAction\":[{\"@type\":\"ReadAction\",\"target\":[\"https:\\\/\\\/colophon-grignan.fr\\\/index.php\\\/archives-2018\\\/\"]}]},{\"@type\":\"ImageObject\",\"inLanguage\":\"fr-FR\",\"@id\":\"https:\\\/\\\/colophon-grignan.fr\\\/index.php\\\/archives-2018\\\/#primaryimage\",\"url\":\"https:\\\/\\\/colophon-grignan.fr\\\/wp-content\\\/uploads\\\/2018\\\/10\\\/Couv.jpg\",\"contentUrl\":\"https:\\\/\\\/colophon-grignan.fr\\\/wp-content\\\/uploads\\\/2018\\\/10\\\/Couv.jpg\",\"width\":652,\"height\":1024},{\"@type\":\"BreadcrumbList\",\"@id\":\"https:\\\/\\\/colophon-grignan.fr\\\/index.php\\\/archives-2018\\\/#breadcrumb\",\"itemListElement\":[{\"@type\":\"ListItem\",\"position\":1,\"name\":\"Accueil\",\"item\":\"https:\\\/\\\/colophon-grignan.fr\\\/\"},{\"@type\":\"ListItem\",\"position\":2,\"name\":\"Archives 2018\"}]},{\"@type\":\"WebSite\",\"@id\":\"https:\\\/\\\/colophon-grignan.fr\\\/#website\",\"url\":\"https:\\\/\\\/colophon-grignan.fr\\\/\",\"name\":\"Colophon - Maison de l&#039;Imprimeur\",\"description\":\"Atelier-Mus\u00e9e &amp; Librairie\",\"publisher\":{\"@id\":\"https:\\\/\\\/colophon-grignan.fr\\\/#organization\"},\"potentialAction\":[{\"@type\":\"SearchAction\",\"target\":{\"@type\":\"EntryPoint\",\"urlTemplate\":\"https:\\\/\\\/colophon-grignan.fr\\\/?s={search_term_string}\"},\"query-input\":{\"@type\":\"PropertyValueSpecification\",\"valueRequired\":true,\"valueName\":\"search_term_string\"}}],\"inLanguage\":\"fr-FR\"},{\"@type\":\"Organization\",\"@id\":\"https:\\\/\\\/colophon-grignan.fr\\\/#organization\",\"name\":\"Colophon - Maison de l'Imprimeur\",\"url\":\"https:\\\/\\\/colophon-grignan.fr\\\/\",\"logo\":{\"@type\":\"ImageObject\",\"inLanguage\":\"fr-FR\",\"@id\":\"https:\\\/\\\/colophon-grignan.fr\\\/#\\\/schema\\\/logo\\\/image\\\/\",\"url\":\"https:\\\/\\\/i0.wp.com\\\/colophon-grignan.fr\\\/wp-content\\\/uploads\\\/2016\\\/12\\\/GRAND-CHAT.gif?fit=474%2C618&ssl=1\",\"contentUrl\":\"https:\\\/\\\/i0.wp.com\\\/colophon-grignan.fr\\\/wp-content\\\/uploads\\\/2016\\\/12\\\/GRAND-CHAT.gif?fit=474%2C618&ssl=1\",\"width\":474,\"height\":618,\"caption\":\"Colophon - Maison de l'Imprimeur\"},\"image\":{\"@id\":\"https:\\\/\\\/colophon-grignan.fr\\\/#\\\/schema\\\/logo\\\/image\\\/\"},\"sameAs\":[\"https:\\\/\\\/www.facebook.com\\\/colophongrignan\",\"https:\\\/\\\/www.pinterest.fr\\\/colophongrignan\\\/\",\"https:\\\/\\\/www.instagram.com\\\/colophon_grignan\\\/\"]}]}<\/script>\n<!-- \/ Yoast SEO plugin. -->","yoast_head_json":{"title":"Archives 2018 - Colophon, Maison de l&#039;Imprimeur","robots":{"index":"index","follow":"follow","max-snippet":"max-snippet:-1","max-image-preview":"max-image-preview:large","max-video-preview":"max-video-preview:-1"},"canonical":"https:\/\/colophon-grignan.fr\/index.php\/archives-2018\/","og_locale":"fr_FR","og_type":"article","og_title":"Archives 2018 - Colophon, Maison de l&#039;Imprimeur","og_description":"2018 CAFE LITTERAIRE SAMEDI&nbsp;17 FEVRIER&nbsp;\u00e0 18h30 en pr\u00e9sence de HERVE LE TELLIER&nbsp;Toutes les familles heureuses\u00a0\u00bb Editions J.C. Latt\u00e8s anim\u00e9 par Jean-Claude Coulmier CAFE LITTERAIRE SAMEDI 17 MARS \u00e0 18h30 en pr\u00e9sence de AHMED KALOUAZ Demain c&rsquo;est le beau monde Editions LE MOT ET LE RESTE anim\u00e9 par Chantal Bonnemaison CAFE [&hellip;]","og_url":"https:\/\/colophon-grignan.fr\/index.php\/archives-2018\/","og_site_name":"Colophon, Maison de l&#039;Imprimeur","article_publisher":"https:\/\/www.facebook.com\/colophongrignan","article_modified_time":"2019-03-15T13:57:24+00:00","og_image":[{"url":"https:\/\/colophon-grignan.fr\/wp-content\/uploads\/2018\/10\/Couv-150x150.jpg","type":"","width":"","height":""}],"twitter_card":"summary_large_image","twitter_misc":{"Dur\u00e9e de lecture estim\u00e9e":"1 minute"},"schema":{"@context":"https:\/\/schema.org","@graph":[{"@type":"WebPage","@id":"https:\/\/colophon-grignan.fr\/index.php\/archives-2018\/","url":"https:\/\/colophon-grignan.fr\/index.php\/archives-2018\/","name":"Archives 2018 - Colophon, Maison de l&#039;Imprimeur","isPartOf":{"@id":"https:\/\/colophon-grignan.fr\/#website"},"primaryImageOfPage":{"@id":"https:\/\/colophon-grignan.fr\/index.php\/archives-2018\/#primaryimage"},"image":{"@id":"https:\/\/colophon-grignan.fr\/index.php\/archives-2018\/#primaryimage"},"thumbnailUrl":"https:\/\/colophon-grignan.fr\/wp-content\/uploads\/2018\/10\/Couv-150x150.jpg","datePublished":"2018-03-08T14:29:12+00:00","dateModified":"2019-03-15T13:57:24+00:00","breadcrumb":{"@id":"https:\/\/colophon-grignan.fr\/index.php\/archives-2018\/#breadcrumb"},"inLanguage":"fr-FR","potentialAction":[{"@type":"ReadAction","target":["https:\/\/colophon-grignan.fr\/index.php\/archives-2018\/"]}]},{"@type":"ImageObject","inLanguage":"fr-FR","@id":"https:\/\/colophon-grignan.fr\/index.php\/archives-2018\/#primaryimage","url":"https:\/\/colophon-grignan.fr\/wp-content\/uploads\/2018\/10\/Couv.jpg","contentUrl":"https:\/\/colophon-grignan.fr\/wp-content\/uploads\/2018\/10\/Couv.jpg","width":652,"height":1024},{"@type":"BreadcrumbList","@id":"https:\/\/colophon-grignan.fr\/index.php\/archives-2018\/#breadcrumb","itemListElement":[{"@type":"ListItem","position":1,"name":"Accueil","item":"https:\/\/colophon-grignan.fr\/"},{"@type":"ListItem","position":2,"name":"Archives 2018"}]},{"@type":"WebSite","@id":"https:\/\/colophon-grignan.fr\/#website","url":"https:\/\/colophon-grignan.fr\/","name":"Colophon - Maison de l&#039;Imprimeur","description":"Atelier-Mus\u00e9e &amp; Librairie","publisher":{"@id":"https:\/\/colophon-grignan.fr\/#organization"},"potentialAction":[{"@type":"SearchAction","target":{"@type":"EntryPoint","urlTemplate":"https:\/\/colophon-grignan.fr\/?s={search_term_string}"},"query-input":{"@type":"PropertyValueSpecification","valueRequired":true,"valueName":"search_term_string"}}],"inLanguage":"fr-FR"},{"@type":"Organization","@id":"https:\/\/colophon-grignan.fr\/#organization","name":"Colophon - Maison de l'Imprimeur","url":"https:\/\/colophon-grignan.fr\/","logo":{"@type":"ImageObject","inLanguage":"fr-FR","@id":"https:\/\/colophon-grignan.fr\/#\/schema\/logo\/image\/","url":"https:\/\/i0.wp.com\/colophon-grignan.fr\/wp-content\/uploads\/2016\/12\/GRAND-CHAT.gif?fit=474%2C618&ssl=1","contentUrl":"https:\/\/i0.wp.com\/colophon-grignan.fr\/wp-content\/uploads\/2016\/12\/GRAND-CHAT.gif?fit=474%2C618&ssl=1","width":474,"height":618,"caption":"Colophon - Maison de l'Imprimeur"},"image":{"@id":"https:\/\/colophon-grignan.fr\/#\/schema\/logo\/image\/"},"sameAs":["https:\/\/www.facebook.com\/colophongrignan","https:\/\/www.pinterest.fr\/colophongrignan\/","https:\/\/www.instagram.com\/colophon_grignan\/"]}]}},"_links":{"self":[{"href":"https:\/\/colophon-grignan.fr\/index.php\/wp-json\/wp\/v2\/pages\/1418","targetHints":{"allow":["GET"]}}],"collection":[{"href":"https:\/\/colophon-grignan.fr\/index.php\/wp-json\/wp\/v2\/pages"}],"about":[{"href":"https:\/\/colophon-grignan.fr\/index.php\/wp-json\/wp\/v2\/types\/page"}],"author":[{"embeddable":true,"href":"https:\/\/colophon-grignan.fr\/index.php\/wp-json\/wp\/v2\/users\/6"}],"replies":[{"embeddable":true,"href":"https:\/\/colophon-grignan.fr\/index.php\/wp-json\/wp\/v2\/comments?post=1418"}],"version-history":[{"count":0,"href":"https:\/\/colophon-grignan.fr\/index.php\/wp-json\/wp\/v2\/pages\/1418\/revisions"}],"wp:attachment":[{"href":"https:\/\/colophon-grignan.fr\/index.php\/wp-json\/wp\/v2\/media?parent=1418"}],"curies":[{"name":"wp","href":"https:\/\/api.w.org\/{rel}","templated":true}]}}