{"id":5204,"date":"2022-09-13T17:02:36","date_gmt":"2022-09-13T15:02:36","guid":{"rendered":"https:\/\/colophon-grignan.fr\/?page_id=5204"},"modified":"2023-09-13T15:58:11","modified_gmt":"2023-09-13T13:58:11","slug":"2e-roman-2023","status":"publish","type":"page","link":"https:\/\/colophon-grignan.fr\/index.php\/2e-roman-2023\/","title":{"rendered":"2e roman 2023"},"content":{"rendered":"\n<p> <\/p>\n\n\n\n<p>2003 : cr\u00e9ation des Rencontres du IIe titre<br>2009 : cr\u00e9ation du prix Rencontres du IIe titre<br>Juillet 2017 : cr\u00e9ation du Festival du 2e roman Grignan<\/p>\n\n\n\n<p>Le comit\u00e9 de lecture, \u00e0 la fin de l&rsquo;ann\u00e9e, aura lu 22 livres<\/p>\n\n\n<div class=\"wp-block-image\">\n<figure class=\"aligncenter size-large is-resized\"><a href=\"https:\/\/colophon-grignan.fr\/wp-content\/uploads\/2023\/04\/programmemail2023.pdf\"><img loading=\"lazy\" decoding=\"async\" src=\"https:\/\/colophon-grignan.fr\/wp-content\/uploads\/2022\/09\/Visuel-2e-roman-2023-bandeau-1009x1024.jpg\" alt=\"\" class=\"wp-image-5207\" style=\"width:185px;height:188px\" width=\"185\" height=\"188\" srcset=\"https:\/\/colophon-grignan.fr\/wp-content\/uploads\/2022\/09\/Visuel-2e-roman-2023-bandeau-scaled.jpg 1009w, https:\/\/colophon-grignan.fr\/wp-content\/uploads\/2022\/09\/Visuel-2e-roman-2023-bandeau-scaled-600x609.jpg 600w, https:\/\/colophon-grignan.fr\/wp-content\/uploads\/2022\/09\/Visuel-2e-roman-2023-bandeau-296x300.jpg 296w, https:\/\/colophon-grignan.fr\/wp-content\/uploads\/2022\/09\/Visuel-2e-roman-2023-bandeau-148x150.jpg 148w, https:\/\/colophon-grignan.fr\/wp-content\/uploads\/2022\/09\/Visuel-2e-roman-2023-bandeau-768x779.jpg 768w, https:\/\/colophon-grignan.fr\/wp-content\/uploads\/2022\/09\/Visuel-2e-roman-2023-bandeau-50x50.jpg 50w\" sizes=\"auto, (max-width: 185px) 100vw, 185px\" \/><\/a><figcaption class=\"wp-element-caption\"><a href=\"https:\/\/colophon-grignan.fr\/wp-content\/uploads\/2023\/04\/programmemail2023.pdf\" target=\"_blank\" rel=\"noreferrer noopener\"><center><strong>Consulter le programme du Festival<\/strong><\/center><\/a><\/figcaption><\/figure>\n<\/div>\n\n<div class=\"wp-block-image\">\n<figure class=\"aligncenter size-large is-resized\"><img loading=\"lazy\" decoding=\"async\" src=\"https:\/\/colophon-grignan.fr\/wp-content\/uploads\/2023\/05\/Affiche-2023-709x1024.jpg\" alt=\"\" class=\"wp-image-5463\" style=\"width:224px;height:324px\" width=\"224\" height=\"324\" srcset=\"https:\/\/colophon-grignan.fr\/wp-content\/uploads\/2023\/05\/Affiche-2023-scaled.jpg 709w, https:\/\/colophon-grignan.fr\/wp-content\/uploads\/2023\/05\/Affiche-2023-scaled-600x867.jpg 600w, https:\/\/colophon-grignan.fr\/wp-content\/uploads\/2023\/05\/Affiche-2023-208x300.jpg 208w, https:\/\/colophon-grignan.fr\/wp-content\/uploads\/2023\/05\/Affiche-2023-104x150.jpg 104w, https:\/\/colophon-grignan.fr\/wp-content\/uploads\/2023\/05\/Affiche-2023-768x1109.jpg 768w, https:\/\/colophon-grignan.fr\/wp-content\/uploads\/2023\/05\/Affiche-2023-1064x1536.jpg 1064w, https:\/\/colophon-grignan.fr\/wp-content\/uploads\/2023\/05\/Affiche-2023-1419x2048.jpg 1419w\" sizes=\"auto, (max-width: 224px) 100vw, 224px\" \/><\/figure>\n<\/div>\n\n\n<p><em>PRIX RENCONTRES DU IIe TITRE 2023 <\/em><strong><em>BLEU NUIT<\/em><\/strong> DIMA ABDALLAH SABINE WESPIESER EDITEUR<br><\/p>\n\n\n\n<figure class=\"wp-block-gallery has-nested-images columns-default is-cropped wp-block-gallery-1 is-layout-flex wp-block-gallery-is-layout-flex\">\n<figure class=\"wp-block-image size-large\"><img loading=\"lazy\" decoding=\"async\" width=\"783\" height=\"1024\" data-id=\"5208\" src=\"https:\/\/colophon-grignan.fr\/wp-content\/uploads\/2022\/09\/2023-IIe-titre-Dima-Abdallah-Couverture-scaled.jpg\" alt=\"\" class=\"wp-image-5208\" srcset=\"https:\/\/colophon-grignan.fr\/wp-content\/uploads\/2022\/09\/2023-IIe-titre-Dima-Abdallah-Couverture-scaled.jpg 783w, https:\/\/colophon-grignan.fr\/wp-content\/uploads\/2022\/09\/2023-IIe-titre-Dima-Abdallah-Couverture-scaled-600x785.jpg 600w, https:\/\/colophon-grignan.fr\/wp-content\/uploads\/2022\/09\/2023-IIe-titre-Dima-Abdallah-Couverture-230x300.jpg 230w, https:\/\/colophon-grignan.fr\/wp-content\/uploads\/2022\/09\/2023-IIe-titre-Dima-Abdallah-Couverture-115x150.jpg 115w, https:\/\/colophon-grignan.fr\/wp-content\/uploads\/2022\/09\/2023-IIe-titre-Dima-Abdallah-Couverture-768x1004.jpg 768w, https:\/\/colophon-grignan.fr\/wp-content\/uploads\/2022\/09\/2023-IIe-titre-Dima-Abdallah-Couverture-1175x1536.jpg 1175w, https:\/\/colophon-grignan.fr\/wp-content\/uploads\/2022\/09\/2023-IIe-titre-Dima-Abdallah-Couverture-1567x2048.jpg 1567w\" sizes=\"auto, (max-width: 783px) 100vw, 783px\" \/><\/figure>\n\n\n\n<figure class=\"wp-block-image size-large\"><img loading=\"lazy\" decoding=\"async\" width=\"769\" height=\"1024\" data-id=\"5209\" src=\"https:\/\/colophon-grignan.fr\/wp-content\/uploads\/2022\/09\/2023-IIe-titre-Portrait-DimaAbdallah1_\u252c\u00aeDavidPoirier-scaled.jpg\" alt=\"\" class=\"wp-image-5209\" srcset=\"https:\/\/colophon-grignan.fr\/wp-content\/uploads\/2022\/09\/2023-IIe-titre-Portrait-DimaAbdallah1_\u252c\u00aeDavidPoirier-scaled.jpg 769w, https:\/\/colophon-grignan.fr\/wp-content\/uploads\/2022\/09\/2023-IIe-titre-Portrait-DimaAbdallah1_\u252c\u00aeDavidPoirier-scaled-600x799.jpg 600w, https:\/\/colophon-grignan.fr\/wp-content\/uploads\/2022\/09\/2023-IIe-titre-Portrait-DimaAbdallah1_\u252c\u00aeDavidPoirier-225x300.jpg 225w, https:\/\/colophon-grignan.fr\/wp-content\/uploads\/2022\/09\/2023-IIe-titre-Portrait-DimaAbdallah1_\u252c\u00aeDavidPoirier-113x150.jpg 113w, https:\/\/colophon-grignan.fr\/wp-content\/uploads\/2022\/09\/2023-IIe-titre-Portrait-DimaAbdallah1_\u252c\u00aeDavidPoirier-768x1023.jpg 768w, https:\/\/colophon-grignan.fr\/wp-content\/uploads\/2022\/09\/2023-IIe-titre-Portrait-DimaAbdallah1_\u252c\u00aeDavidPoirier-1153x1536.jpg 1153w, https:\/\/colophon-grignan.fr\/wp-content\/uploads\/2022\/09\/2023-IIe-titre-Portrait-DimaAbdallah1_\u252c\u00aeDavidPoirier-1538x2048.jpg 1538w\" sizes=\"auto, (max-width: 769px) 100vw, 769px\" \/><\/figure>\n<figcaption class=\"blocks-gallery-caption wp-element-caption\"><br>\u00ab\u00a0Un homme d\u00e9cide de vivre dans la rue.<br>Dans la rue, il marche inlassablement, dans le m\u00eame quartier de Paris.<br>Les odeurs, les rencontres avec des gens -racont\u00e9es avec une grande tendresse-, font remonter ses souvenirs.<br>C&rsquo;est un livre puissant, sombre et lumineux, tr\u00e8s humain et d&rsquo;une grande sensibilit\u00e9.\u00a0\u00bb<\/figcaption><\/figure>\n\n\n\n<figure class=\"wp-block-gallery has-nested-images columns-default is-cropped wp-block-gallery-2 is-layout-flex wp-block-gallery-is-layout-flex\">\n<figure class=\"wp-block-image size-large\"><img loading=\"lazy\" decoding=\"async\" width=\"699\" height=\"1024\" data-id=\"5210\" src=\"https:\/\/colophon-grignan.fr\/wp-content\/uploads\/2022\/09\/2023-IIe-titre-Alissa-Wenz-Couverture-scaled.jpg\" alt=\"\" class=\"wp-image-5210\" srcset=\"https:\/\/colophon-grignan.fr\/wp-content\/uploads\/2022\/09\/2023-IIe-titre-Alissa-Wenz-Couverture-scaled.jpg 699w, https:\/\/colophon-grignan.fr\/wp-content\/uploads\/2022\/09\/2023-IIe-titre-Alissa-Wenz-Couverture-scaled-600x879.jpg 600w, https:\/\/colophon-grignan.fr\/wp-content\/uploads\/2022\/09\/2023-IIe-titre-Alissa-Wenz-Couverture-205x300.jpg 205w, https:\/\/colophon-grignan.fr\/wp-content\/uploads\/2022\/09\/2023-IIe-titre-Alissa-Wenz-Couverture-102x150.jpg 102w, https:\/\/colophon-grignan.fr\/wp-content\/uploads\/2022\/09\/2023-IIe-titre-Alissa-Wenz-Couverture-768x1125.jpg 768w, https:\/\/colophon-grignan.fr\/wp-content\/uploads\/2022\/09\/2023-IIe-titre-Alissa-Wenz-Couverture-1049x1536.jpg 1049w, https:\/\/colophon-grignan.fr\/wp-content\/uploads\/2022\/09\/2023-IIe-titre-Alissa-Wenz-Couverture-1399x2048.jpg 1399w\" sizes=\"auto, (max-width: 699px) 100vw, 699px\" \/><\/figure>\n\n\n\n<figure class=\"wp-block-image size-large\"><img loading=\"lazy\" decoding=\"async\" width=\"1024\" height=\"684\" data-id=\"5211\" src=\"https:\/\/colophon-grignan.fr\/wp-content\/uploads\/2022\/09\/IIe-titre-2023-Portrait-Alissa-Wenz-\u00a9-Astrid-di-Crollalanza-16-scaled.jpg\" alt=\"\" class=\"wp-image-5211\" srcset=\"https:\/\/colophon-grignan.fr\/wp-content\/uploads\/2022\/09\/IIe-titre-2023-Portrait-Alissa-Wenz-\u00a9-Astrid-di-Crollalanza-16-scaled.jpg 1024w, https:\/\/colophon-grignan.fr\/wp-content\/uploads\/2022\/09\/IIe-titre-2023-Portrait-Alissa-Wenz-\u00a9-Astrid-di-Crollalanza-16-scaled-600x401.jpg 600w, https:\/\/colophon-grignan.fr\/wp-content\/uploads\/2022\/09\/IIe-titre-2023-Portrait-Alissa-Wenz-\u00a9-Astrid-di-Crollalanza-16-300x200.jpg 300w, https:\/\/colophon-grignan.fr\/wp-content\/uploads\/2022\/09\/IIe-titre-2023-Portrait-Alissa-Wenz-\u00a9-Astrid-di-Crollalanza-16-150x100.jpg 150w, https:\/\/colophon-grignan.fr\/wp-content\/uploads\/2022\/09\/IIe-titre-2023-Portrait-Alissa-Wenz-\u00a9-Astrid-di-Crollalanza-16-768x513.jpg 768w, https:\/\/colophon-grignan.fr\/wp-content\/uploads\/2022\/09\/IIe-titre-2023-Portrait-Alissa-Wenz-\u00a9-Astrid-di-Crollalanza-16-1536x1025.jpg 1536w, https:\/\/colophon-grignan.fr\/wp-content\/uploads\/2022\/09\/IIe-titre-2023-Portrait-Alissa-Wenz-\u00a9-Astrid-di-Crollalanza-16-2048x1367.jpg 2048w, https:\/\/colophon-grignan.fr\/wp-content\/uploads\/2022\/09\/IIe-titre-2023-Portrait-Alissa-Wenz-\u00a9-Astrid-di-Crollalanza-16-360x240.jpg 360w\" sizes=\"auto, (max-width: 1024px) 100vw, 1024px\" \/><figcaption class=\"wp-element-caption\">Alissa Wenz<\/figcaption><\/figure>\n<figcaption class=\"blocks-gallery-caption wp-element-caption\"><br>\u00ab\u00a0En 2010, le jeune soldat Bradley Manning est accus\u00e9 d&rsquo;avoir divulgu\u00e9 des documents class\u00e9s secret-d\u00e9fense, r\u00e9v\u00e9lant d&rsquo;importantes bavures de l&rsquo;arm\u00e9e am\u00e9ricaine. Il risque alors la prison \u00e0 perp\u00e9tuit\u00e9. Qui se souvient aujourd&rsquo;hui d&rsquo;Adrian Lamo, l&rsquo;homme qui l&rsquo;a d\u00e9nonc\u00e9 ? Quelles sont les raisons de cette trahison&nbsp;?<br>Alissa Wenz explore la part sombre de notre humanit\u00e9 et compose le portrait saisissant d&rsquo;un antih\u00e9ros 2.0.\u00a0\u00bb<br><\/figcaption><\/figure>\n\n\n\n<figure class=\"wp-block-gallery has-nested-images columns-default is-cropped wp-block-gallery-3 is-layout-flex wp-block-gallery-is-layout-flex\">\n<figure class=\"wp-block-image size-large\"><img loading=\"lazy\" decoding=\"async\" width=\"220\" height=\"319\" data-id=\"5321\" src=\"https:\/\/colophon-grignan.fr\/wp-content\/uploads\/2023\/01\/2023-IIe-titre-NOELLE-RENAUDE-couverture.jpg\" alt=\"\" class=\"wp-image-5321\" srcset=\"https:\/\/colophon-grignan.fr\/wp-content\/uploads\/2023\/01\/2023-IIe-titre-NOELLE-RENAUDE-couverture.jpg 220w, https:\/\/colophon-grignan.fr\/wp-content\/uploads\/2023\/01\/2023-IIe-titre-NOELLE-RENAUDE-couverture-207x300.jpg 207w, https:\/\/colophon-grignan.fr\/wp-content\/uploads\/2023\/01\/2023-IIe-titre-NOELLE-RENAUDE-couverture-103x150.jpg 103w\" sizes=\"auto, (max-width: 220px) 100vw, 220px\" \/><\/figure>\n\n\n\n<figure class=\"wp-block-image size-large\"><img loading=\"lazy\" decoding=\"async\" width=\"1024\" height=\"724\" data-id=\"5322\" src=\"https:\/\/colophon-grignan.fr\/wp-content\/uploads\/2023\/01\/2023-IIe-titre-NOELLE-RENAUDE-Portrait-scaled.jpg\" alt=\"\" class=\"wp-image-5322\" srcset=\"https:\/\/colophon-grignan.fr\/wp-content\/uploads\/2023\/01\/2023-IIe-titre-NOELLE-RENAUDE-Portrait-scaled.jpg 1024w, https:\/\/colophon-grignan.fr\/wp-content\/uploads\/2023\/01\/2023-IIe-titre-NOELLE-RENAUDE-Portrait-scaled-600x424.jpg 600w, https:\/\/colophon-grignan.fr\/wp-content\/uploads\/2023\/01\/2023-IIe-titre-NOELLE-RENAUDE-Portrait-300x212.jpg 300w, https:\/\/colophon-grignan.fr\/wp-content\/uploads\/2023\/01\/2023-IIe-titre-NOELLE-RENAUDE-Portrait-150x106.jpg 150w, https:\/\/colophon-grignan.fr\/wp-content\/uploads\/2023\/01\/2023-IIe-titre-NOELLE-RENAUDE-Portrait-768x543.jpg 768w, https:\/\/colophon-grignan.fr\/wp-content\/uploads\/2023\/01\/2023-IIe-titre-NOELLE-RENAUDE-Portrait-1536x1086.jpg 1536w, https:\/\/colophon-grignan.fr\/wp-content\/uploads\/2023\/01\/2023-IIe-titre-NOELLE-RENAUDE-Portrait-2048x1448.jpg 2048w\" sizes=\"auto, (max-width: 1024px) 100vw, 1024px\" \/><\/figure>\n<figcaption class=\"blocks-gallery-caption wp-element-caption\"><br>\u00ab\u00a0Le roman s&rsquo;ouvre sur une grande maison bourgeoise qui devient myst\u00e9rieuse par la fa\u00e7on dont la regarde Louise, comptable de l&rsquo; entreprise d&rsquo;en face qui observe tout obsessionnellement depuis son bureau. Rien ne lui \u00e9chappe et son imagination galope pour imaginer des sc\u00e9narios mettant en sc\u00e8ne les habitants.<br>Chaque chapitre introduit une nouvelle situation ( ou un nouveau personnage ) que le chapitre suivant va reprendre en l&rsquo;enrichissant d&rsquo;indices, d\u00e9crivant les sc\u00e8nes pr\u00e9c\u00e9dentes sous un autre angle. No\u00eblle Renaude m\u00e8ne le lecteur, avec brio, par le bout du nez.\u00a0\u00bb<br><br><br><\/figcaption><\/figure>\n\n\n\n<div class=\"wp-block-group\"><div class=\"wp-block-group__inner-container is-layout-constrained wp-block-group-is-layout-constrained\">\n<div class=\"wp-block-columns is-layout-flex wp-container-core-columns-is-layout-28f84493 wp-block-columns-is-layout-flex\">\n<div class=\"wp-block-column is-layout-flow wp-block-column-is-layout-flow\" style=\"flex-basis:100%\">\n<figure class=\"wp-block-gallery has-nested-images columns-default is-cropped wp-block-gallery-4 is-layout-flex wp-block-gallery-is-layout-flex\">\n<figure class=\"wp-block-image size-full\"><img loading=\"lazy\" decoding=\"async\" width=\"717\" height=\"1024\" data-id=\"5335\" src=\"https:\/\/colophon-grignan.fr\/wp-content\/uploads\/2023\/01\/2023-IIe-titre-Gwenael-Bulteau-Couv-1-scaled.jpg\" alt=\"\" class=\"wp-image-5335\" srcset=\"https:\/\/colophon-grignan.fr\/wp-content\/uploads\/2023\/01\/2023-IIe-titre-Gwenael-Bulteau-Couv-1-scaled.jpg 717w, https:\/\/colophon-grignan.fr\/wp-content\/uploads\/2023\/01\/2023-IIe-titre-Gwenael-Bulteau-Couv-1-scaled-600x857.jpg 600w, https:\/\/colophon-grignan.fr\/wp-content\/uploads\/2023\/01\/2023-IIe-titre-Gwenael-Bulteau-Couv-1-210x300.jpg 210w, https:\/\/colophon-grignan.fr\/wp-content\/uploads\/2023\/01\/2023-IIe-titre-Gwenael-Bulteau-Couv-1-105x150.jpg 105w, https:\/\/colophon-grignan.fr\/wp-content\/uploads\/2023\/01\/2023-IIe-titre-Gwenael-Bulteau-Couv-1-768x1097.jpg 768w, https:\/\/colophon-grignan.fr\/wp-content\/uploads\/2023\/01\/2023-IIe-titre-Gwenael-Bulteau-Couv-1-1076x1536.jpg 1076w, https:\/\/colophon-grignan.fr\/wp-content\/uploads\/2023\/01\/2023-IIe-titre-Gwenael-Bulteau-Couv-1-1434x2048.jpg 1434w\" sizes=\"auto, (max-width: 717px) 100vw, 717px\" \/><\/figure>\n\n\n\n<figure class=\"wp-block-image size-full\"><img loading=\"lazy\" decoding=\"async\" width=\"1024\" height=\"1024\" data-id=\"5331\" src=\"https:\/\/colophon-grignan.fr\/wp-content\/uploads\/2023\/01\/2023-IIe-titre-Bulteau2\u00a9PhilippeMatsas-scaled.jpg\" alt=\"\" class=\"wp-image-5331\" srcset=\"https:\/\/colophon-grignan.fr\/wp-content\/uploads\/2023\/01\/2023-IIe-titre-Bulteau2\u00a9PhilippeMatsas-scaled.jpg 1024w, https:\/\/colophon-grignan.fr\/wp-content\/uploads\/2023\/01\/2023-IIe-titre-Bulteau2\u00a9PhilippeMatsas-scaled-230x230.jpg 230w, https:\/\/colophon-grignan.fr\/wp-content\/uploads\/2023\/01\/2023-IIe-titre-Bulteau2\u00a9PhilippeMatsas-scaled-160x160.jpg 160w, https:\/\/colophon-grignan.fr\/wp-content\/uploads\/2023\/01\/2023-IIe-titre-Bulteau2\u00a9PhilippeMatsas-scaled-600x600.jpg 600w, https:\/\/colophon-grignan.fr\/wp-content\/uploads\/2023\/01\/2023-IIe-titre-Bulteau2\u00a9PhilippeMatsas-300x300.jpg 300w, https:\/\/colophon-grignan.fr\/wp-content\/uploads\/2023\/01\/2023-IIe-titre-Bulteau2\u00a9PhilippeMatsas-150x150.jpg 150w, https:\/\/colophon-grignan.fr\/wp-content\/uploads\/2023\/01\/2023-IIe-titre-Bulteau2\u00a9PhilippeMatsas-768x767.jpg 768w, https:\/\/colophon-grignan.fr\/wp-content\/uploads\/2023\/01\/2023-IIe-titre-Bulteau2\u00a9PhilippeMatsas-1536x1534.jpg 1536w, https:\/\/colophon-grignan.fr\/wp-content\/uploads\/2023\/01\/2023-IIe-titre-Bulteau2\u00a9PhilippeMatsas-2048x2045.jpg 2048w, https:\/\/colophon-grignan.fr\/wp-content\/uploads\/2023\/01\/2023-IIe-titre-Bulteau2\u00a9PhilippeMatsas-460x460.jpg 460w, https:\/\/colophon-grignan.fr\/wp-content\/uploads\/2023\/01\/2023-IIe-titre-Bulteau2\u00a9PhilippeMatsas-50x50.jpg 50w\" sizes=\"auto, (max-width: 1024px) 100vw, 1024px\" \/><figcaption class=\"wp-element-caption\">Gwenael BULTEAU a Paris le 3 mars 2021<\/figcaption><\/figure>\n<\/figure>\n<\/div>\n<\/div>\n<\/div><\/div>\n\n\n\n<p class=\"has-text-align-center\">Paris, le 22 janvier 1905, ce sont les fun\u00e9railles de Louise Michel. Parmi la foule, Jeanne, qui dispara\u00eet. Sa cousine Lucie, d\u00e9cide de retrouver sa trace. Nous la suivons aux quatre coins de la France.<br><em>Le Grand Soir <\/em>est un roman historique et social, qui \u00e9claire les luttes ouvri\u00e8res et f\u00e9ministes de ce d\u00e9but de si\u00e8cle. <br>Un pass\u00e9 si proche.<\/p>\n\n\n\n<figure class=\"wp-block-gallery has-nested-images columns-default is-cropped wp-block-gallery-5 is-layout-flex wp-block-gallery-is-layout-flex\">\n<figure class=\"wp-block-image size-large\"><img loading=\"lazy\" decoding=\"async\" width=\"220\" height=\"322\" data-id=\"5212\" src=\"https:\/\/colophon-grignan.fr\/wp-content\/uploads\/2022\/09\/2023-IIe-titre-Miguel-Bonnefoy-Couverture.jpg\" alt=\"\" class=\"wp-image-5212\" srcset=\"https:\/\/colophon-grignan.fr\/wp-content\/uploads\/2022\/09\/2023-IIe-titre-Miguel-Bonnefoy-Couverture.jpg 220w, https:\/\/colophon-grignan.fr\/wp-content\/uploads\/2022\/09\/2023-IIe-titre-Miguel-Bonnefoy-Couverture-205x300.jpg 205w, https:\/\/colophon-grignan.fr\/wp-content\/uploads\/2022\/09\/2023-IIe-titre-Miguel-Bonnefoy-Couverture-102x150.jpg 102w\" sizes=\"auto, (max-width: 220px) 100vw, 220px\" \/><\/figure>\n\n\n\n<figure class=\"wp-block-image size-large\"><img loading=\"lazy\" decoding=\"async\" width=\"731\" height=\"1024\" data-id=\"5213\" src=\"https:\/\/colophon-grignan.fr\/wp-content\/uploads\/2022\/09\/2023-IIe-titre-Portrait-Miguel-Bonnefoy-\u00a9Audrey-Dufer-avril22-crop-scaled.jpg\" alt=\"\" class=\"wp-image-5213\" srcset=\"https:\/\/colophon-grignan.fr\/wp-content\/uploads\/2022\/09\/2023-IIe-titre-Portrait-Miguel-Bonnefoy-\u00a9Audrey-Dufer-avril22-crop-scaled.jpg 731w, https:\/\/colophon-grignan.fr\/wp-content\/uploads\/2022\/09\/2023-IIe-titre-Portrait-Miguel-Bonnefoy-\u00a9Audrey-Dufer-avril22-crop-scaled-600x840.jpg 600w, https:\/\/colophon-grignan.fr\/wp-content\/uploads\/2022\/09\/2023-IIe-titre-Portrait-Miguel-Bonnefoy-\u00a9Audrey-Dufer-avril22-crop-214x300.jpg 214w, https:\/\/colophon-grignan.fr\/wp-content\/uploads\/2022\/09\/2023-IIe-titre-Portrait-Miguel-Bonnefoy-\u00a9Audrey-Dufer-avril22-crop-107x150.jpg 107w, https:\/\/colophon-grignan.fr\/wp-content\/uploads\/2022\/09\/2023-IIe-titre-Portrait-Miguel-Bonnefoy-\u00a9Audrey-Dufer-avril22-crop-768x1075.jpg 768w, https:\/\/colophon-grignan.fr\/wp-content\/uploads\/2022\/09\/2023-IIe-titre-Portrait-Miguel-Bonnefoy-\u00a9Audrey-Dufer-avril22-crop-1097x1536.jpg 1097w, https:\/\/colophon-grignan.fr\/wp-content\/uploads\/2022\/09\/2023-IIe-titre-Portrait-Miguel-Bonnefoy-\u00a9Audrey-Dufer-avril22-crop-1463x2048.jpg 1463w\" sizes=\"auto, (max-width: 731px) 100vw, 731px\" \/><\/figure>\n<figcaption class=\"blocks-gallery-caption wp-element-caption\"><br>MIGUEL BONNEFOY, PRESIDENT DU JURY DES RENCONTRES DU IIe TITRE 2023<br>DELIBERATIONS VENDREDI 26 MAI A 15H30<br>RENCONTRE AVC MIGUEL VENDREDI 26 MAI A 18H30<br>\u00ab\u00a0Voici l&rsquo;extraordinaire destin d\u2019Augustin Mouchot, fils de serrurier, professeur de math\u00e9matiques, qui, au milieu du XIXe si\u00e8cle, d\u00e9couvre l&rsquo;\u00e9nergie solaire.<br>Mais l\u2019av\u00e8nement de l\u2019\u00e8re du charbon ruine le projet de Mouchot que l\u2019on juge trop co\u00fbteux. Dans un ultime \u00e9lan, il tentera de faire revivre le feu de son invention en faisant \u00ab\u00a0fleurir le d\u00e9sert\u00a0\u00bb sous le soleil d\u2019Alg\u00e9rie.<br>Avec la verve savoureuse qu&rsquo;on lui conna\u00eet, Miguel Bonnefoy livre dans ce roman l&rsquo;\u00e9blouissant portrait d\u2019un g\u00e9nie oubli\u00e9.\u00a0\u00bb<br><\/figcaption><\/figure>\n\n\n\n<figure class=\"wp-block-image size-large\"><img loading=\"lazy\" decoding=\"async\" width=\"1024\" height=\"187\" src=\"https:\/\/colophon-grignan.fr\/wp-content\/uploads\/2023\/04\/programme-festival2023ok2-1-1024x187.jpg\" alt=\"\" class=\"wp-image-5439\" srcset=\"https:\/\/colophon-grignan.fr\/wp-content\/uploads\/2023\/04\/programme-festival2023ok2-1-scaled.jpg 1024w, https:\/\/colophon-grignan.fr\/wp-content\/uploads\/2023\/04\/programme-festival2023ok2-1-scaled-600x110.jpg 600w, https:\/\/colophon-grignan.fr\/wp-content\/uploads\/2023\/04\/programme-festival2023ok2-1-300x55.jpg 300w, https:\/\/colophon-grignan.fr\/wp-content\/uploads\/2023\/04\/programme-festival2023ok2-1-150x27.jpg 150w, https:\/\/colophon-grignan.fr\/wp-content\/uploads\/2023\/04\/programme-festival2023ok2-1-768x140.jpg 768w, https:\/\/colophon-grignan.fr\/wp-content\/uploads\/2023\/04\/programme-festival2023ok2-1-1536x280.jpg 1536w, https:\/\/colophon-grignan.fr\/wp-content\/uploads\/2023\/04\/programme-festival2023ok2-1-2048x373.jpg 2048w\" sizes=\"auto, (max-width: 1024px) 100vw, 1024px\" \/><\/figure>\n\n\n\n<figure class=\"wp-block-image size-large\"><img loading=\"lazy\" decoding=\"async\" width=\"1024\" height=\"187\" src=\"https:\/\/colophon-grignan.fr\/wp-content\/uploads\/2023\/04\/programme-festival2023ok2-1024x187.jpg\" alt=\"\" class=\"wp-image-5431\" srcset=\"https:\/\/colophon-grignan.fr\/wp-content\/uploads\/2023\/04\/programme-festival2023ok2-scaled.jpg 1024w, https:\/\/colophon-grignan.fr\/wp-content\/uploads\/2023\/04\/programme-festival2023ok2-scaled-600x110.jpg 600w, https:\/\/colophon-grignan.fr\/wp-content\/uploads\/2023\/04\/programme-festival2023ok2-300x55.jpg 300w, https:\/\/colophon-grignan.fr\/wp-content\/uploads\/2023\/04\/programme-festival2023ok2-150x27.jpg 150w, https:\/\/colophon-grignan.fr\/wp-content\/uploads\/2023\/04\/programme-festival2023ok2-768x140.jpg 768w, https:\/\/colophon-grignan.fr\/wp-content\/uploads\/2023\/04\/programme-festival2023ok2-1536x280.jpg 1536w, https:\/\/colophon-grignan.fr\/wp-content\/uploads\/2023\/04\/programme-festival2023ok2-2048x373.jpg 2048w\" sizes=\"auto, (max-width: 1024px) 100vw, 1024px\" \/><\/figure>\n\n\n\n<figure class=\"wp-block-image size-full is-resized\"><img loading=\"lazy\" decoding=\"async\" src=\"https:\/\/colophon-grignan.fr\/wp-content\/uploads\/2022\/04\/DRAC.jpg\" alt=\"\" class=\"wp-image-5055\" style=\"width:79px;height:103px\" width=\"79\" height=\"103\" srcset=\"https:\/\/colophon-grignan.fr\/wp-content\/uploads\/2022\/04\/DRAC.jpg 180w, https:\/\/colophon-grignan.fr\/wp-content\/uploads\/2022\/04\/DRAC-115x150.jpg 115w\" sizes=\"auto, (max-width: 79px) 100vw, 79px\" \/><\/figure>\n\n\n\n<figure class=\"wp-block-image size-full is-resized\"><img loading=\"lazy\" decoding=\"async\" src=\"https:\/\/colophon-grignan.fr\/wp-content\/uploads\/2022\/04\/logo-grignan.png\" alt=\"\" class=\"wp-image-5054\" style=\"width:99px;height:55px\" width=\"99\" height=\"55\"\/><\/figure>\n\n\n\n<figure class=\"wp-block-image size-full is-resized\"><img loading=\"lazy\" decoding=\"async\" src=\"https:\/\/colophon-grignan.fr\/wp-content\/uploads\/2022\/04\/La-Drome.png\" alt=\"\" class=\"wp-image-5053\" style=\"width:121px;height:50px\" width=\"121\" height=\"50\" srcset=\"https:\/\/colophon-grignan.fr\/wp-content\/uploads\/2022\/04\/La-Drome.png 216w, https:\/\/colophon-grignan.fr\/wp-content\/uploads\/2022\/04\/La-Drome-150x63.png 150w\" sizes=\"auto, (max-width: 121px) 100vw, 121px\" \/><\/figure>\n","protected":false},"excerpt":{"rendered":"<p>2003 : cr\u00e9ation des Rencontres du IIe titre2009 : cr\u00e9ation du prix Rencontres du IIe titreJuillet 2017 : cr\u00e9ation du Festival du 2e roman Grignan Le comit\u00e9 de lecture, \u00e0 la fin de l&rsquo;ann\u00e9e, aura lu 22 livres PRIX RENCONTRES DU IIe TITRE 2023 BLEU NUIT DIMA ABDALLAH SABINE WESPIESER [&hellip;]<\/p>\n","protected":false},"author":6,"featured_media":0,"parent":0,"menu_order":0,"comment_status":"closed","ping_status":"closed","template":"","meta":{"footnotes":""},"class_list":["post-5204","page","type-page","status-publish","hentry"],"yoast_head":"<!-- This site is optimized with the Yoast SEO plugin v27.3 - https:\/\/yoast.com\/product\/yoast-seo-wordpress\/ -->\n<title>2e roman 2023 - Colophon, Maison de l&#039;Imprimeur<\/title>\n<meta name=\"robots\" content=\"index, follow, max-snippet:-1, max-image-preview:large, max-video-preview:-1\" \/>\n<link rel=\"canonical\" href=\"https:\/\/colophon-grignan.fr\/index.php\/2e-roman-2023\/\" \/>\n<meta property=\"og:locale\" content=\"fr_FR\" \/>\n<meta property=\"og:type\" content=\"article\" \/>\n<meta property=\"og:title\" content=\"2e roman 2023 - Colophon, Maison de l&#039;Imprimeur\" \/>\n<meta property=\"og:description\" content=\"2003 : cr\u00e9ation des Rencontres du IIe titre2009 : cr\u00e9ation du prix Rencontres du IIe titreJuillet 2017 : cr\u00e9ation du Festival du 2e roman Grignan Le comit\u00e9 de lecture, \u00e0 la fin de l&rsquo;ann\u00e9e, aura lu 22 livres PRIX RENCONTRES DU IIe TITRE 2023 BLEU NUIT DIMA ABDALLAH SABINE WESPIESER [&hellip;]\" \/>\n<meta property=\"og:url\" content=\"https:\/\/colophon-grignan.fr\/index.php\/2e-roman-2023\/\" \/>\n<meta property=\"og:site_name\" content=\"Colophon, Maison de l&#039;Imprimeur\" \/>\n<meta property=\"article:publisher\" content=\"https:\/\/www.facebook.com\/colophongrignan\" \/>\n<meta property=\"article:modified_time\" content=\"2023-09-13T13:58:11+00:00\" \/>\n<meta property=\"og:image\" content=\"https:\/\/colophon-grignan.fr\/wp-content\/uploads\/2022\/09\/Visuel-2e-roman-2023-bandeau-1009x1024.jpg\" \/>\n<meta name=\"twitter:card\" content=\"summary_large_image\" \/>\n<meta name=\"twitter:label1\" content=\"Dur\u00e9e de lecture estim\u00e9e\" \/>\n\t<meta name=\"twitter:data1\" content=\"6 minutes\" \/>\n<script type=\"application\/ld+json\" class=\"yoast-schema-graph\">{\"@context\":\"https:\\\/\\\/schema.org\",\"@graph\":[{\"@type\":\"WebPage\",\"@id\":\"https:\\\/\\\/colophon-grignan.fr\\\/index.php\\\/2e-roman-2023\\\/\",\"url\":\"https:\\\/\\\/colophon-grignan.fr\\\/index.php\\\/2e-roman-2023\\\/\",\"name\":\"2e roman 2023 - Colophon, Maison de l&#039;Imprimeur\",\"isPartOf\":{\"@id\":\"https:\\\/\\\/colophon-grignan.fr\\\/#website\"},\"primaryImageOfPage\":{\"@id\":\"https:\\\/\\\/colophon-grignan.fr\\\/index.php\\\/2e-roman-2023\\\/#primaryimage\"},\"image\":{\"@id\":\"https:\\\/\\\/colophon-grignan.fr\\\/index.php\\\/2e-roman-2023\\\/#primaryimage\"},\"thumbnailUrl\":\"https:\\\/\\\/colophon-grignan.fr\\\/wp-content\\\/uploads\\\/2022\\\/09\\\/Visuel-2e-roman-2023-bandeau-1009x1024.jpg\",\"datePublished\":\"2022-09-13T15:02:36+00:00\",\"dateModified\":\"2023-09-13T13:58:11+00:00\",\"breadcrumb\":{\"@id\":\"https:\\\/\\\/colophon-grignan.fr\\\/index.php\\\/2e-roman-2023\\\/#breadcrumb\"},\"inLanguage\":\"fr-FR\",\"potentialAction\":[{\"@type\":\"ReadAction\",\"target\":[\"https:\\\/\\\/colophon-grignan.fr\\\/index.php\\\/2e-roman-2023\\\/\"]}]},{\"@type\":\"ImageObject\",\"inLanguage\":\"fr-FR\",\"@id\":\"https:\\\/\\\/colophon-grignan.fr\\\/index.php\\\/2e-roman-2023\\\/#primaryimage\",\"url\":\"https:\\\/\\\/colophon-grignan.fr\\\/wp-content\\\/uploads\\\/2022\\\/09\\\/Visuel-2e-roman-2023-bandeau-scaled.jpg\",\"contentUrl\":\"https:\\\/\\\/colophon-grignan.fr\\\/wp-content\\\/uploads\\\/2022\\\/09\\\/Visuel-2e-roman-2023-bandeau-scaled.jpg\",\"width\":1009,\"height\":1024},{\"@type\":\"BreadcrumbList\",\"@id\":\"https:\\\/\\\/colophon-grignan.fr\\\/index.php\\\/2e-roman-2023\\\/#breadcrumb\",\"itemListElement\":[{\"@type\":\"ListItem\",\"position\":1,\"name\":\"Accueil\",\"item\":\"https:\\\/\\\/colophon-grignan.fr\\\/\"},{\"@type\":\"ListItem\",\"position\":2,\"name\":\"2e roman 2023\"}]},{\"@type\":\"WebSite\",\"@id\":\"https:\\\/\\\/colophon-grignan.fr\\\/#website\",\"url\":\"https:\\\/\\\/colophon-grignan.fr\\\/\",\"name\":\"Colophon - Maison de l&#039;Imprimeur\",\"description\":\"Atelier-Mus\u00e9e &amp; Librairie\",\"publisher\":{\"@id\":\"https:\\\/\\\/colophon-grignan.fr\\\/#organization\"},\"potentialAction\":[{\"@type\":\"SearchAction\",\"target\":{\"@type\":\"EntryPoint\",\"urlTemplate\":\"https:\\\/\\\/colophon-grignan.fr\\\/?s={search_term_string}\"},\"query-input\":{\"@type\":\"PropertyValueSpecification\",\"valueRequired\":true,\"valueName\":\"search_term_string\"}}],\"inLanguage\":\"fr-FR\"},{\"@type\":\"Organization\",\"@id\":\"https:\\\/\\\/colophon-grignan.fr\\\/#organization\",\"name\":\"Colophon - Maison de l'Imprimeur\",\"url\":\"https:\\\/\\\/colophon-grignan.fr\\\/\",\"logo\":{\"@type\":\"ImageObject\",\"inLanguage\":\"fr-FR\",\"@id\":\"https:\\\/\\\/colophon-grignan.fr\\\/#\\\/schema\\\/logo\\\/image\\\/\",\"url\":\"https:\\\/\\\/i0.wp.com\\\/colophon-grignan.fr\\\/wp-content\\\/uploads\\\/2016\\\/12\\\/GRAND-CHAT.gif?fit=474%2C618&ssl=1\",\"contentUrl\":\"https:\\\/\\\/i0.wp.com\\\/colophon-grignan.fr\\\/wp-content\\\/uploads\\\/2016\\\/12\\\/GRAND-CHAT.gif?fit=474%2C618&ssl=1\",\"width\":474,\"height\":618,\"caption\":\"Colophon - Maison de l'Imprimeur\"},\"image\":{\"@id\":\"https:\\\/\\\/colophon-grignan.fr\\\/#\\\/schema\\\/logo\\\/image\\\/\"},\"sameAs\":[\"https:\\\/\\\/www.facebook.com\\\/colophongrignan\",\"https:\\\/\\\/www.pinterest.fr\\\/colophongrignan\\\/\",\"https:\\\/\\\/www.instagram.com\\\/colophon_grignan\\\/\"]}]}<\/script>\n<!-- \/ Yoast SEO plugin. -->","yoast_head_json":{"title":"2e roman 2023 - Colophon, Maison de l&#039;Imprimeur","robots":{"index":"index","follow":"follow","max-snippet":"max-snippet:-1","max-image-preview":"max-image-preview:large","max-video-preview":"max-video-preview:-1"},"canonical":"https:\/\/colophon-grignan.fr\/index.php\/2e-roman-2023\/","og_locale":"fr_FR","og_type":"article","og_title":"2e roman 2023 - Colophon, Maison de l&#039;Imprimeur","og_description":"2003 : cr\u00e9ation des Rencontres du IIe titre2009 : cr\u00e9ation du prix Rencontres du IIe titreJuillet 2017 : cr\u00e9ation du Festival du 2e roman Grignan Le comit\u00e9 de lecture, \u00e0 la fin de l&rsquo;ann\u00e9e, aura lu 22 livres PRIX RENCONTRES DU IIe TITRE 2023 BLEU NUIT DIMA ABDALLAH SABINE WESPIESER [&hellip;]","og_url":"https:\/\/colophon-grignan.fr\/index.php\/2e-roman-2023\/","og_site_name":"Colophon, Maison de l&#039;Imprimeur","article_publisher":"https:\/\/www.facebook.com\/colophongrignan","article_modified_time":"2023-09-13T13:58:11+00:00","og_image":[{"url":"https:\/\/colophon-grignan.fr\/wp-content\/uploads\/2022\/09\/Visuel-2e-roman-2023-bandeau-1009x1024.jpg","type":"","width":"","height":""}],"twitter_card":"summary_large_image","twitter_misc":{"Dur\u00e9e de lecture estim\u00e9e":"6 minutes"},"schema":{"@context":"https:\/\/schema.org","@graph":[{"@type":"WebPage","@id":"https:\/\/colophon-grignan.fr\/index.php\/2e-roman-2023\/","url":"https:\/\/colophon-grignan.fr\/index.php\/2e-roman-2023\/","name":"2e roman 2023 - Colophon, Maison de l&#039;Imprimeur","isPartOf":{"@id":"https:\/\/colophon-grignan.fr\/#website"},"primaryImageOfPage":{"@id":"https:\/\/colophon-grignan.fr\/index.php\/2e-roman-2023\/#primaryimage"},"image":{"@id":"https:\/\/colophon-grignan.fr\/index.php\/2e-roman-2023\/#primaryimage"},"thumbnailUrl":"https:\/\/colophon-grignan.fr\/wp-content\/uploads\/2022\/09\/Visuel-2e-roman-2023-bandeau-1009x1024.jpg","datePublished":"2022-09-13T15:02:36+00:00","dateModified":"2023-09-13T13:58:11+00:00","breadcrumb":{"@id":"https:\/\/colophon-grignan.fr\/index.php\/2e-roman-2023\/#breadcrumb"},"inLanguage":"fr-FR","potentialAction":[{"@type":"ReadAction","target":["https:\/\/colophon-grignan.fr\/index.php\/2e-roman-2023\/"]}]},{"@type":"ImageObject","inLanguage":"fr-FR","@id":"https:\/\/colophon-grignan.fr\/index.php\/2e-roman-2023\/#primaryimage","url":"https:\/\/colophon-grignan.fr\/wp-content\/uploads\/2022\/09\/Visuel-2e-roman-2023-bandeau-scaled.jpg","contentUrl":"https:\/\/colophon-grignan.fr\/wp-content\/uploads\/2022\/09\/Visuel-2e-roman-2023-bandeau-scaled.jpg","width":1009,"height":1024},{"@type":"BreadcrumbList","@id":"https:\/\/colophon-grignan.fr\/index.php\/2e-roman-2023\/#breadcrumb","itemListElement":[{"@type":"ListItem","position":1,"name":"Accueil","item":"https:\/\/colophon-grignan.fr\/"},{"@type":"ListItem","position":2,"name":"2e roman 2023"}]},{"@type":"WebSite","@id":"https:\/\/colophon-grignan.fr\/#website","url":"https:\/\/colophon-grignan.fr\/","name":"Colophon - Maison de l&#039;Imprimeur","description":"Atelier-Mus\u00e9e &amp; Librairie","publisher":{"@id":"https:\/\/colophon-grignan.fr\/#organization"},"potentialAction":[{"@type":"SearchAction","target":{"@type":"EntryPoint","urlTemplate":"https:\/\/colophon-grignan.fr\/?s={search_term_string}"},"query-input":{"@type":"PropertyValueSpecification","valueRequired":true,"valueName":"search_term_string"}}],"inLanguage":"fr-FR"},{"@type":"Organization","@id":"https:\/\/colophon-grignan.fr\/#organization","name":"Colophon - Maison de l'Imprimeur","url":"https:\/\/colophon-grignan.fr\/","logo":{"@type":"ImageObject","inLanguage":"fr-FR","@id":"https:\/\/colophon-grignan.fr\/#\/schema\/logo\/image\/","url":"https:\/\/i0.wp.com\/colophon-grignan.fr\/wp-content\/uploads\/2016\/12\/GRAND-CHAT.gif?fit=474%2C618&ssl=1","contentUrl":"https:\/\/i0.wp.com\/colophon-grignan.fr\/wp-content\/uploads\/2016\/12\/GRAND-CHAT.gif?fit=474%2C618&ssl=1","width":474,"height":618,"caption":"Colophon - Maison de l'Imprimeur"},"image":{"@id":"https:\/\/colophon-grignan.fr\/#\/schema\/logo\/image\/"},"sameAs":["https:\/\/www.facebook.com\/colophongrignan","https:\/\/www.pinterest.fr\/colophongrignan\/","https:\/\/www.instagram.com\/colophon_grignan\/"]}]}},"_links":{"self":[{"href":"https:\/\/colophon-grignan.fr\/index.php\/wp-json\/wp\/v2\/pages\/5204","targetHints":{"allow":["GET"]}}],"collection":[{"href":"https:\/\/colophon-grignan.fr\/index.php\/wp-json\/wp\/v2\/pages"}],"about":[{"href":"https:\/\/colophon-grignan.fr\/index.php\/wp-json\/wp\/v2\/types\/page"}],"author":[{"embeddable":true,"href":"https:\/\/colophon-grignan.fr\/index.php\/wp-json\/wp\/v2\/users\/6"}],"replies":[{"embeddable":true,"href":"https:\/\/colophon-grignan.fr\/index.php\/wp-json\/wp\/v2\/comments?post=5204"}],"version-history":[{"count":38,"href":"https:\/\/colophon-grignan.fr\/index.php\/wp-json\/wp\/v2\/pages\/5204\/revisions"}],"predecessor-version":[{"id":5603,"href":"https:\/\/colophon-grignan.fr\/index.php\/wp-json\/wp\/v2\/pages\/5204\/revisions\/5603"}],"wp:attachment":[{"href":"https:\/\/colophon-grignan.fr\/index.php\/wp-json\/wp\/v2\/media?parent=5204"}],"curies":[{"name":"wp","href":"https:\/\/api.w.org\/{rel}","templated":true}]}}